{"id":24113,"date":"2025-07-28T11:07:14","date_gmt":"2025-07-28T09:07:14","guid":{"rendered":"https:\/\/www.sarahmo.be\/?page_id=24113"},"modified":"2025-07-28T13:07:28","modified_gmt":"2025-07-28T11:07:28","slug":"collection-dante","status":"publish","type":"page","link":"https:\/\/www.sarahmo.be\/fr\/collection-dante\/","title":{"rendered":"Collection dante"},"content":{"rendered":"<div class=\"wpb-content-wrapper\"><p>[vc_row][vc_column][vc_column_text css=\u00a0\u00bb\u00a0\u00bb woodmart_inline=\u00a0\u00bbno\u00a0\u00bb text_larger=\u00a0\u00bbno\u00a0\u00bb]<\/p>\n<h1>Collection Dant\u00e9<\/h1>\n<p>&nbsp;<\/p>\n<h3 data-start=\"211\" data-end=\"715\"><strong data-start=\"211\" data-end=\"329\">D\u00e9couvrez la collection Dante chez Sarah Mo Hasselt : l\u2019\u00e9l\u00e9gance \u00e0 l\u2019\u00e9tat pur pour un int\u00e9rieur de style campagne.<\/strong><\/h3>\n<p data-start=\"211\" data-end=\"715\"><br data-start=\"329\" data-end=\"332\" \/>Le bois de teck chaleureux cr\u00e9e une base intemporelle, tandis que l\u2019\u00e9clairage subtil dans les vitrines met en valeur vos plus belles pi\u00e8ces d\u00e9co. Chaque porte se ferme avec \u00e9l\u00e9gance gr\u00e2ce \u00e0 une fermeture \u00e0 ba\u00efonnette robuste. Cette collection allie fonctionnalit\u00e9 et charme, est souvent disponible imm\u00e9diatement, et insuffle \u00e0 votre int\u00e9rieur une ambiance authentique et chaleureuse.<\/p>\n<p>[\/vc_column_text][\/vc_column][\/vc_row][vc_row][vc_column][vc_column_text css=\u00a0\u00bb\u00a0\u00bb woodmart_inline=\u00a0\u00bbno\u00a0\u00bb text_larger=\u00a0\u00bbno\u00a0\u00bb]<\/p>\n<p>&nbsp;<\/p>\n<p>&nbsp;<\/p>\n<p>[\/vc_column_text][\/vc_column][\/vc_row][vc_row][vc_column width=\u00a0\u00bb1\/4&Prime;][vc_single_image image=\u00a0\u00bb23116&Prime; img_size=\u00a0\u00bb450&#215;450&Prime; alignment=\u00a0\u00bbcenter\u00a0\u00bb css=\u00a0\u00bb\u00a0\u00bb parallax_scroll=\u00a0\u00bbno\u00a0\u00bb woodmart_inline=\u00a0\u00bbno\u00a0\u00bb][\/vc_column][vc_column width=\u00a0\u00bb3\/4&Prime;][vc_column_text css=\u00a0\u00bb\u00a0\u00bb woodmart_inline=\u00a0\u00bbno\u00a0\u00bb text_larger=\u00a0\u00bbno\u00a0\u00bb]<strong data-start=\"190\" data-end=\"240\">Vitrine en teck 2 portes, \u00e9clairage LED inclus<\/strong><\/p>\n<p><br data-start=\"240\" data-end=\"243\" \/>Avec la collection Dante, le charme de la vie campagnarde commence chez Sarah\u202fMo.<br data-start=\"324\" data-end=\"327\" \/>Fabriqu\u00e9e en bois de teck chaleureux, cette vitrine apporte \u00e9l\u00e9gance et fonctionnalit\u00e9 \u00e0 votre int\u00e9rieur.<br data-start=\"432\" data-end=\"435\" \/>\u00c9clairage LED int\u00e9gr\u00e9 pour sublimer vos plus beaux objets.<\/p>\n<p><br data-start=\"493\" data-end=\"496\" data-is-only-node=\"\" \/><strong data-start=\"496\" data-end=\"529\">Dimensions : 115 x 47 x 223\u202fH<\/strong><\/p>\n<p>DAN 102<\/p>\n<p data-start=\"97\" data-end=\"438\"><strong data-start=\"410\" data-end=\"438\">Prix conseill\u00e9 : 1595 \u20ac<\/strong><\/p>\n<p>[\/vc_column_text][\/vc_column][\/vc_row][vc_row][vc_column][vc_column_text css=\u00a0\u00bb\u00a0\u00bb woodmart_inline=\u00a0\u00bbno\u00a0\u00bb text_larger=\u00a0\u00bbno\u00a0\u00bb]<\/p>\n<p>&nbsp;<\/p>\n<p>&nbsp;<\/p>\n<p>[\/vc_column_text][\/vc_column][\/vc_row][vc_row][vc_column width=\u00a0\u00bb1\/4&Prime;][vc_single_image image=\u00a0\u00bb23566&Prime; img_size=\u00a0\u00bb450&#215;450&Prime; css=\u00a0\u00bb\u00a0\u00bb parallax_scroll=\u00a0\u00bbno\u00a0\u00bb woodmart_inline=\u00a0\u00bbno\u00a0\u00bb][\/vc_column][vc_column width=\u00a0\u00bb3\/4&Prime;][vc_column_text css=\u00a0\u00bb\u00a0\u00bb woodmart_inline=\u00a0\u00bbno\u00a0\u00bb text_larger=\u00a0\u00bbno\u00a0\u00bb]<\/p>\n<p><strong data-start=\"155\" data-end=\"218\">Vitrine en teck avec 2 portes vitr\u00e9es, \u00e9clairage LED inclus<\/strong><\/p>\n<p><br data-start=\"218\" data-end=\"221\" \/>Style campagne assur\u00e9 avec cette pi\u00e8ce ma\u00eetresse en bois de teck chaleureux.<br data-start=\"297\" data-end=\"300\" \/>Les deux portes vitr\u00e9es laissent toute la place \u00e0 vos objets d\u00e9co, subtilement mis en lumi\u00e8re gr\u00e2ce \u00e0 l\u2019\u00e9clairage LED int\u00e9gr\u00e9.<\/p>\n<p><br data-start=\"426\" data-end=\"429\" \/><strong data-start=\"429\" data-end=\"462\">Dimensions : 224 x 47 x 223\u202fH<\/strong><\/p>\n<p>DAN 104<\/p>\n<p data-start=\"97\" data-end=\"438\"><strong data-start=\"410\" data-end=\"438\">Prix conseill\u00e9 : 2\u202f750\u202f\u20ac<\/strong><\/p>\n<p>[\/vc_column_text][\/vc_column][\/vc_row][vc_row][vc_column][vc_column_text css=\u00a0\u00bb\u00a0\u00bb woodmart_inline=\u00a0\u00bbno\u00a0\u00bb text_larger=\u00a0\u00bbno\u00a0\u00bb]<\/p>\n<p>&nbsp;<\/p>\n<p>&nbsp;<\/p>\n<p>[\/vc_column_text][\/vc_column][\/vc_row][vc_row][vc_column width=\u00a0\u00bb1\/4&Prime;][vc_single_image image=\u00a0\u00bb23106&Prime; img_size=\u00a0\u00bb450&#215;450&Prime; alignment=\u00a0\u00bbcenter\u00a0\u00bb css=\u00a0\u00bb\u00a0\u00bb parallax_scroll=\u00a0\u00bbno\u00a0\u00bb woodmart_inline=\u00a0\u00bbno\u00a0\u00bb][\/vc_column][vc_column width=\u00a0\u00bb3\/4&Prime;][vc_column_text css=\u00a0\u00bb\u00a0\u00bb woodmart_inline=\u00a0\u00bbno\u00a0\u00bb text_larger=\u00a0\u00bbno\u00a0\u00bb]<\/p>\n<p><strong data-start=\"135\" data-end=\"210\">Buffet en teck de style campagne intemporel \u2013 sign\u00e9 Sarah Mo Int\u00e9rieurs<\/strong><\/p>\n<p><br data-start=\"210\" data-end=\"213\" \/>Ce meuble pratique dispose de 4 portes et 4 tiroirs, pour un rangement optimal sans compromis sur l\u2019esth\u00e9tique.<br data-start=\"324\" data-end=\"327\" \/>Un buffet au charme chaleureux, id\u00e9al pour une ambiance naturelle et authentique dans votre int\u00e9rieur.<br data-start=\"429\" data-end=\"432\" \/><strong data-start=\"432\" data-end=\"464\">Dimensions : 220 x 53 x 97\u202fH<\/strong><\/p>\n<p>DAN 110<\/p>\n<p><strong>Prix conseill\u00e9<\/strong> : 1\u202f375\u202f\u20ac<\/p>\n<p>[\/vc_column_text][\/vc_column][\/vc_row][vc_row][vc_column][vc_column_text css=\u00a0\u00bb\u00a0\u00bb woodmart_inline=\u00a0\u00bbno\u00a0\u00bb text_larger=\u00a0\u00bbno\u00a0\u00bb]<\/p>\n<p>&nbsp;<\/p>\n<p>&nbsp;<\/p>\n<p>[\/vc_column_text][\/vc_column][\/vc_row][vc_row][vc_column width=\u00a0\u00bb1\/4&Prime;][vc_single_image image=\u00a0\u00bb23110&Prime; img_size=\u00a0\u00bb450&#215;450&Prime; alignment=\u00a0\u00bbcenter\u00a0\u00bb css=\u00a0\u00bb\u00a0\u00bb parallax_scroll=\u00a0\u00bbno\u00a0\u00bb woodmart_inline=\u00a0\u00bbno\u00a0\u00bb][\/vc_column][vc_column width=\u00a0\u00bb3\/4&Prime;][vc_column_text css=\u00a0\u00bb\u00a0\u00bb woodmart_inline=\u00a0\u00bbno\u00a0\u00bb text_larger=\u00a0\u00bbno\u00a0\u00bb]<strong data-start=\"179\" data-end=\"258\">Table de s\u00e9jour en teck avec pied en m\u00e9tal en X \u2013 style campagne-industriel<\/strong><\/p>\n<p><br data-start=\"258\" data-end=\"261\" \/>Le mod\u00e8le <strong data-start=\"271\" data-end=\"281\">DAN220<\/strong>\u00a0marie le charme du bois de teck avec la robustesse d\u2019un pi\u00e8tement crois\u00e9 en m\u00e9tal noir.<br data-start=\"369\" data-end=\"372\" \/>Une combinaison r\u00e9ussie entre authenticit\u00e9 rustique et touche industrielle contemporaine.<br data-start=\"461\" data-end=\"464\" \/><strong data-start=\"464\" data-end=\"497\">Dimensions : 220 x 100 x 76\u202fH<\/strong><\/p>\n<p>DAN 220<br data-start=\"497\" data-end=\"500\" \/><strong data-start=\"503\" data-end=\"529\">Prix conseill\u00e9 : 999\u202f\u20ac<\/strong><\/p>\n<p>[\/vc_column_text][\/vc_column][\/vc_row][vc_row][vc_column][vc_column_text css=\u00a0\u00bb\u00a0\u00bb woodmart_inline=\u00a0\u00bbno\u00a0\u00bb text_larger=\u00a0\u00bbno\u00a0\u00bb]<\/p>\n<p>&nbsp;<\/p>\n<p>&nbsp;<\/p>\n<p>[\/vc_column_text][\/vc_column][\/vc_row][vc_row][vc_column width=\u00a0\u00bb1\/4&Prime;][vc_single_image image=\u00a0\u00bb23100&Prime; img_size=\u00a0\u00bb450&#215;450&Prime; alignment=\u00a0\u00bbcenter\u00a0\u00bb css=\u00a0\u00bb\u00a0\u00bb parallax_scroll=\u00a0\u00bbno\u00a0\u00bb woodmart_inline=\u00a0\u00bbno\u00a0\u00bb][\/vc_column][vc_column width=\u00a0\u00bb3\/4&Prime;][vc_column_text css=\u00a0\u00bb\u00a0\u00bb woodmart_inline=\u00a0\u00bbno\u00a0\u00bb text_larger=\u00a0\u00bbno\u00a0\u00bb]<\/p>\n<p><strong data-start=\"160\" data-end=\"221\">Meuble TV en teck recycl\u00e9 \u2013 style campagne<\/strong><\/p>\n<p><br data-start=\"221\" data-end=\"224\" \/>Ce meuble TV de 220\u202fcm d\u00e9gage une chaleur naturelle gr\u00e2ce au bois de teck recycl\u00e9, riche en structure et en veines apparentes.<br data-start=\"350\" data-end=\"353\" \/>Il s\u2019inscrit dans un style campagne affirm\u00e9, avec une fermeture traditionnelle \u00e0 ba\u00efonnette.<br data-start=\"445\" data-end=\"448\" \/>\u00c9galement disponible en version 170\u202fcm.<\/p>\n<p><strong data-start=\"490\" data-end=\"538\">Dimensions : 220 x 45 x 53<\/strong><\/p>\n<p>Dan 144<br data-start=\"487\" data-end=\"490\" \/><br data-start=\"538\" data-end=\"541\" \/><strong data-start=\"544\" data-end=\"570\">Prix conseill\u00e9 : 945\u202f\u20ac<\/strong><\/p>\n<p>[\/vc_column_text][\/vc_column][\/vc_row][vc_row][vc_column][vc_column_text css=\u00a0\u00bb\u00a0\u00bb woodmart_inline=\u00a0\u00bbno\u00a0\u00bb text_larger=\u00a0\u00bbno\u00a0\u00bb]<\/p>\n<p>&nbsp;<\/p>\n<p>&nbsp;<\/p>\n<p>[\/vc_column_text][\/vc_column][\/vc_row][vc_row][vc_column width=\u00a0\u00bb1\/4&Prime;][vc_single_image image=\u00a0\u00bb23103&Prime; img_size=\u00a0\u00bb450&#215;450&Prime; alignment=\u00a0\u00bbcenter\u00a0\u00bb css=\u00a0\u00bb\u00a0\u00bb parallax_scroll=\u00a0\u00bbno\u00a0\u00bb woodmart_inline=\u00a0\u00bbno\u00a0\u00bb][\/vc_column][vc_column width=\u00a0\u00bb3\/4&Prime;][vc_column_text css=\u00a0\u00bb\u00a0\u00bb woodmart_inline=\u00a0\u00bbno\u00a0\u00bb text_larger=\u00a0\u00bbno\u00a0\u00bb]<\/p>\n<p><strong data-start=\"160\" data-end=\"221\">Meuble TV en teck recycl\u00e9 \u2013 style campagne<\/strong><\/p>\n<p><br data-start=\"221\" data-end=\"224\" \/>Ce meuble TV de 175\u202fcm d\u00e9gage une chaleur naturelle gr\u00e2ce au bois de teck recycl\u00e9, riche en structure et en veines apparentes.<br data-start=\"350\" data-end=\"353\" \/>Il s\u2019inscrit dans un style campagne affirm\u00e9, avec une fermeture traditionnelle \u00e0 ba\u00efonnette.<br data-start=\"445\" data-end=\"448\" \/>\u00c9galement disponible en version 220\u202fcm.<\/p>\n<p><strong data-start=\"490\" data-end=\"538\">Dimensions : 175 x 45 x 53<\/strong><\/p>\n<p>Dan 133<br data-start=\"487\" data-end=\"490\" \/><br data-start=\"538\" data-end=\"541\" \/><strong data-start=\"544\" data-end=\"570\">Prix conseill\u00e9 : 775\u202f\u20ac<\/strong><\/p>\n<p>[\/vc_column_text][\/vc_column][\/vc_row][vc_row][vc_column][vc_column_text css=\u00a0\u00bb\u00a0\u00bb woodmart_inline=\u00a0\u00bbno\u00a0\u00bb text_larger=\u00a0\u00bbno\u00a0\u00bb]<\/p>\n<p>&nbsp;<\/p>\n<p>&nbsp;<\/p>\n<p>[\/vc_column_text][\/vc_column][\/vc_row][vc_row][vc_column][vc_column_text css=\u00a0\u00bb\u00a0\u00bb woodmart_inline=\u00a0\u00bbno\u00a0\u00bb text_larger=\u00a0\u00bbno\u00a0\u00bb]<\/p>\n<h3 data-start=\"193\" data-end=\"266\"><\/h3>\n<h3 data-start=\"193\" data-end=\"266\"><\/h3>\n<h3 data-start=\"193\" data-end=\"266\"><strong data-start=\"193\" data-end=\"266\">Un style campagne intemporel. Un int\u00e9rieur \u00e9l\u00e9gant avec du caract\u00e8re.<\/strong><\/h3>\n<p data-start=\"268\" data-end=\"471\">Notre collection en teck sublime votre int\u00e9rieur en toute simplicit\u00e9.<br data-start=\"337\" data-end=\"340\" \/>Chaque pi\u00e8ce est fabriqu\u00e9e \u00e0 partir de teck recycl\u00e9 \u2014 visible dans les veines riches du bois, palpable dans sa texture authentique.<\/p>\n<p data-start=\"473\" data-end=\"728\">La finition robuste, les fermetures \u00e0 ba\u00efonnette sobres et les tons chauds du bois conf\u00e8rent \u00e0 l\u2019ensemble un style campagne intemporel : jamais soumis aux modes, toujours \u00e9l\u00e9gant.<br data-start=\"652\" data-end=\"655\" \/>Parfait pour ceux qui aiment le calme, le charme et l\u2019\u00e9l\u00e9gance naturelle.<\/p>\n<p data-start=\"730\" data-end=\"882\">Du buffet \u00e0 la vitrine, chaque meuble allie caract\u00e8re durable et espace de rangement pratique.<br data-start=\"824\" data-end=\"827\" \/>Et cela, \u00e0 un prix juste \u2014 exclusivement chez Sarah Mo.<\/p>\n<p data-start=\"884\" data-end=\"1000\">Vous r\u00eavez d\u2019une salle \u00e0 manger pleine d\u2019ambiance et de personnalit\u00e9 ?<br data-start=\"954\" data-end=\"957\" \/>Alors cette collection \u00ab\u00a0Dante\u00a0\u00bb est faite pour vous.<\/p>\n<p>[\/vc_column_text][\/vc_column][\/vc_row][vc_row][vc_column][vc_column_text css=\u00a0\u00bb\u00a0\u00bb woodmart_inline=\u00a0\u00bbno\u00a0\u00bb text_larger=\u00a0\u00bbno\u00a0\u00bb]<\/p>\n<p>&nbsp;<\/p>\n<p>&nbsp;<\/p>\n<p>[\/vc_column_text][\/vc_column][\/vc_row][vc_row][vc_column width=\u00a0\u00bb1\/3&Prime;][vc_single_image image=\u00a0\u00bb23252&Prime; img_size=\u00a0\u00bb450&#215;450&Prime; alignment=\u00a0\u00bbcenter\u00a0\u00bb style=\u00a0\u00bbvc_box_circle_2&Prime; onclick=\u00a0\u00bbzoom\u00a0\u00bb css=\u00a0\u00bb\u00a0\u00bb parallax_scroll=\u00a0\u00bbno\u00a0\u00bb woodmart_inline=\u00a0\u00bbno\u00a0\u00bb][\/vc_column][vc_column width=\u00a0\u00bb1\/3&Prime;][vc_single_image image=\u00a0\u00bb21883&Prime; img_size=\u00a0\u00bb450&#215;450&Prime; alignment=\u00a0\u00bbcenter\u00a0\u00bb style=\u00a0\u00bbvc_box_circle_2&Prime; onclick=\u00a0\u00bbzoom\u00a0\u00bb css=\u00a0\u00bb\u00a0\u00bb parallax_scroll=\u00a0\u00bbno\u00a0\u00bb woodmart_inline=\u00a0\u00bbno\u00a0\u00bb][\/vc_column][vc_column width=\u00a0\u00bb1\/3&Prime;][vc_single_image image=\u00a0\u00bb21846&Prime; img_size=\u00a0\u00bb450&#215;450&Prime; alignment=\u00a0\u00bbcenter\u00a0\u00bb style=\u00a0\u00bbvc_box_circle_2&Prime; onclick=\u00a0\u00bbzoom\u00a0\u00bb css=\u00a0\u00bb\u00a0\u00bb parallax_scroll=\u00a0\u00bbno\u00a0\u00bb woodmart_inline=\u00a0\u00bbno\u00a0\u00bb][\/vc_column][\/vc_row]<\/p>\n<\/div>","protected":false},"excerpt":{"rendered":"<p>[vc_row][vc_column][vc_column_text css=\u00a0\u00bb\u00a0\u00bb woodmart_inline=\u00a0\u00bbno\u00a0\u00bb text_larger=\u00a0\u00bbno\u00a0\u00bb] Collection Dant\u00e9 &nbsp; D\u00e9couvrez la collection Dante chez Sarah Mo Hasselt : l\u2019\u00e9l\u00e9gance \u00e0 l\u2019\u00e9tat pur<\/p>\n","protected":false},"author":185,"featured_media":0,"parent":0,"menu_order":0,"comment_status":"closed","ping_status":"closed","template":"","meta":{"footnotes":""},"class_list":["post-24113","page","type-page","status-publish","hentry"],"yoast_head":"<!-- This site is optimized with the Yoast SEO plugin v27.4 - https:\/\/yoast.com\/product\/yoast-seo-wordpress\/ -->\n<title>Sarah Mo - Collection dante<\/title>\n<meta name=\"robots\" content=\"index, follow, max-snippet:-1, max-image-preview:large, max-video-preview:-1\" \/>\n<link rel=\"canonical\" href=\"https:\/\/www.sarahmo.be\/fr\/collection-dante\/\" \/>\n<meta property=\"og:locale\" content=\"fr_FR\" \/>\n<meta property=\"og:type\" content=\"article\" \/>\n<meta property=\"og:title\" content=\"Sarah Mo - Collection dante\" \/>\n<meta property=\"og:description\" content=\"[vc_row][vc_column][vc_column_text css=\u00a0\u00bb\u00a0\u00bb woodmart_inline=\u00a0\u00bbno\u00a0\u00bb text_larger=\u00a0\u00bbno\u00a0\u00bb] Collection Dant\u00e9 &nbsp; D\u00e9couvrez la collection Dante chez Sarah Mo Hasselt : l\u2019\u00e9l\u00e9gance \u00e0 l\u2019\u00e9tat pur\" \/>\n<meta property=\"og:url\" content=\"https:\/\/www.sarahmo.be\/fr\/collection-dante\/\" \/>\n<meta property=\"og:site_name\" content=\"Sarah Mo\" \/>\n<meta property=\"article:publisher\" content=\"https:\/\/www.facebook.com\/SarahMofurniturestore\/\" \/>\n<meta property=\"article:modified_time\" content=\"2025-07-28T11:07:28+00:00\" \/>\n<meta name=\"twitter:card\" content=\"summary_large_image\" \/>\n<meta name=\"twitter:label1\" content=\"Dur\u00e9e de lecture estim\u00e9e\" \/>\n\t<meta name=\"twitter:data1\" content=\"4 minutes\" \/>\n<script type=\"application\/ld+json\" class=\"yoast-schema-graph\">{\"@context\":\"https:\\\/\\\/schema.org\",\"@graph\":[{\"@type\":\"WebPage\",\"@id\":\"https:\\\/\\\/www.sarahmo.be\\\/fr\\\/collection-dante\\\/\",\"url\":\"https:\\\/\\\/www.sarahmo.be\\\/fr\\\/collection-dante\\\/\",\"name\":\"Sarah Mo - Collection dante\",\"isPartOf\":{\"@id\":\"https:\\\/\\\/www.sarahmo.be\\\/fr\\\/#website\"},\"datePublished\":\"2025-07-28T09:07:14+00:00\",\"dateModified\":\"2025-07-28T11:07:28+00:00\",\"breadcrumb\":{\"@id\":\"https:\\\/\\\/www.sarahmo.be\\\/fr\\\/collection-dante\\\/#breadcrumb\"},\"inLanguage\":\"fr-FR\",\"potentialAction\":[{\"@type\":\"ReadAction\",\"target\":[\"https:\\\/\\\/www.sarahmo.be\\\/fr\\\/collection-dante\\\/\"]}]},{\"@type\":\"BreadcrumbList\",\"@id\":\"https:\\\/\\\/www.sarahmo.be\\\/fr\\\/collection-dante\\\/#breadcrumb\",\"itemListElement\":[{\"@type\":\"ListItem\",\"position\":1,\"name\":\"Accueil\",\"item\":\"https:\\\/\\\/www.sarahmo.be\\\/fr\\\/\"},{\"@type\":\"ListItem\",\"position\":2,\"name\":\"Collection dante\"}]},{\"@type\":\"WebSite\",\"@id\":\"https:\\\/\\\/www.sarahmo.be\\\/fr\\\/#website\",\"url\":\"https:\\\/\\\/www.sarahmo.be\\\/fr\\\/\",\"name\":\"Sarah Mo\",\"description\":\"Sp\u00e9cialiste du style campagne intemporel\",\"publisher\":{\"@id\":\"https:\\\/\\\/www.sarahmo.be\\\/fr\\\/#organization\"},\"potentialAction\":[{\"@type\":\"SearchAction\",\"target\":{\"@type\":\"EntryPoint\",\"urlTemplate\":\"https:\\\/\\\/www.sarahmo.be\\\/fr\\\/?s={search_term_string}\"},\"query-input\":{\"@type\":\"PropertyValueSpecification\",\"valueRequired\":true,\"valueName\":\"search_term_string\"}}],\"inLanguage\":\"fr-FR\"},{\"@type\":\"Organization\",\"@id\":\"https:\\\/\\\/www.sarahmo.be\\\/fr\\\/#organization\",\"name\":\"Sarah Mo Landelijke meubelen en verlichting\",\"url\":\"https:\\\/\\\/www.sarahmo.be\\\/fr\\\/\",\"logo\":{\"@type\":\"ImageObject\",\"inLanguage\":\"fr-FR\",\"@id\":\"https:\\\/\\\/www.sarahmo.be\\\/fr\\\/#\\\/schema\\\/logo\\\/image\\\/\",\"url\":\"https:\\\/\\\/www.sarahmo.be\\\/site\\\/wp-content\\\/uploads\\\/logo-dark.png\",\"contentUrl\":\"https:\\\/\\\/www.sarahmo.be\\\/site\\\/wp-content\\\/uploads\\\/logo-dark.png\",\"width\":1025,\"height\":120,\"caption\":\"Sarah Mo Landelijke meubelen en verlichting\"},\"image\":{\"@id\":\"https:\\\/\\\/www.sarahmo.be\\\/fr\\\/#\\\/schema\\\/logo\\\/image\\\/\"},\"sameAs\":[\"https:\\\/\\\/www.facebook.com\\\/SarahMofurniturestore\\\/\"]}]}<\/script>\n<!-- \/ Yoast SEO plugin. -->","yoast_head_json":{"title":"Sarah Mo - Collection dante","robots":{"index":"index","follow":"follow","max-snippet":"max-snippet:-1","max-image-preview":"max-image-preview:large","max-video-preview":"max-video-preview:-1"},"canonical":"https:\/\/www.sarahmo.be\/fr\/collection-dante\/","og_locale":"fr_FR","og_type":"article","og_title":"Sarah Mo - Collection dante","og_description":"[vc_row][vc_column][vc_column_text css=\u00a0\u00bb\u00a0\u00bb woodmart_inline=\u00a0\u00bbno\u00a0\u00bb text_larger=\u00a0\u00bbno\u00a0\u00bb] Collection Dant\u00e9 &nbsp; D\u00e9couvrez la collection Dante chez Sarah Mo Hasselt : l\u2019\u00e9l\u00e9gance \u00e0 l\u2019\u00e9tat pur","og_url":"https:\/\/www.sarahmo.be\/fr\/collection-dante\/","og_site_name":"Sarah Mo","article_publisher":"https:\/\/www.facebook.com\/SarahMofurniturestore\/","article_modified_time":"2025-07-28T11:07:28+00:00","twitter_card":"summary_large_image","twitter_misc":{"Dur\u00e9e de lecture estim\u00e9e":"4 minutes"},"schema":{"@context":"https:\/\/schema.org","@graph":[{"@type":"WebPage","@id":"https:\/\/www.sarahmo.be\/fr\/collection-dante\/","url":"https:\/\/www.sarahmo.be\/fr\/collection-dante\/","name":"Sarah Mo - Collection dante","isPartOf":{"@id":"https:\/\/www.sarahmo.be\/fr\/#website"},"datePublished":"2025-07-28T09:07:14+00:00","dateModified":"2025-07-28T11:07:28+00:00","breadcrumb":{"@id":"https:\/\/www.sarahmo.be\/fr\/collection-dante\/#breadcrumb"},"inLanguage":"fr-FR","potentialAction":[{"@type":"ReadAction","target":["https:\/\/www.sarahmo.be\/fr\/collection-dante\/"]}]},{"@type":"BreadcrumbList","@id":"https:\/\/www.sarahmo.be\/fr\/collection-dante\/#breadcrumb","itemListElement":[{"@type":"ListItem","position":1,"name":"Accueil","item":"https:\/\/www.sarahmo.be\/fr\/"},{"@type":"ListItem","position":2,"name":"Collection dante"}]},{"@type":"WebSite","@id":"https:\/\/www.sarahmo.be\/fr\/#website","url":"https:\/\/www.sarahmo.be\/fr\/","name":"Sarah Mo","description":"Sp\u00e9cialiste du style campagne intemporel","publisher":{"@id":"https:\/\/www.sarahmo.be\/fr\/#organization"},"potentialAction":[{"@type":"SearchAction","target":{"@type":"EntryPoint","urlTemplate":"https:\/\/www.sarahmo.be\/fr\/?s={search_term_string}"},"query-input":{"@type":"PropertyValueSpecification","valueRequired":true,"valueName":"search_term_string"}}],"inLanguage":"fr-FR"},{"@type":"Organization","@id":"https:\/\/www.sarahmo.be\/fr\/#organization","name":"Sarah Mo Landelijke meubelen en verlichting","url":"https:\/\/www.sarahmo.be\/fr\/","logo":{"@type":"ImageObject","inLanguage":"fr-FR","@id":"https:\/\/www.sarahmo.be\/fr\/#\/schema\/logo\/image\/","url":"https:\/\/www.sarahmo.be\/site\/wp-content\/uploads\/logo-dark.png","contentUrl":"https:\/\/www.sarahmo.be\/site\/wp-content\/uploads\/logo-dark.png","width":1025,"height":120,"caption":"Sarah Mo Landelijke meubelen en verlichting"},"image":{"@id":"https:\/\/www.sarahmo.be\/fr\/#\/schema\/logo\/image\/"},"sameAs":["https:\/\/www.facebook.com\/SarahMofurniturestore\/"]}]}},"_links":{"self":[{"href":"https:\/\/www.sarahmo.be\/fr\/wp-json\/wp\/v2\/pages\/24113","targetHints":{"allow":["GET"]}}],"collection":[{"href":"https:\/\/www.sarahmo.be\/fr\/wp-json\/wp\/v2\/pages"}],"about":[{"href":"https:\/\/www.sarahmo.be\/fr\/wp-json\/wp\/v2\/types\/page"}],"author":[{"embeddable":true,"href":"https:\/\/www.sarahmo.be\/fr\/wp-json\/wp\/v2\/users\/185"}],"replies":[{"embeddable":true,"href":"https:\/\/www.sarahmo.be\/fr\/wp-json\/wp\/v2\/comments?post=24113"}],"version-history":[{"count":0,"href":"https:\/\/www.sarahmo.be\/fr\/wp-json\/wp\/v2\/pages\/24113\/revisions"}],"wp:attachment":[{"href":"https:\/\/www.sarahmo.be\/fr\/wp-json\/wp\/v2\/media?parent=24113"}],"curies":[{"name":"wp","href":"https:\/\/api.w.org\/{rel}","templated":true}]}}