{"id":16646,"date":"2020-04-01T11:22:33","date_gmt":"2020-04-01T09:22:33","guid":{"rendered":"https:\/\/www.sarahmo.be\/site\/landelijkemeubelen\/non%20class\u00e9\/na500\/"},"modified":"2024-10-17T14:46:49","modified_gmt":"2024-10-17T12:46:49","slug":"table-basse-en-teck-recycle-pieds-metal","status":"publish","type":"product","link":"https:\/\/www.sarahmo.be\/fr\/landelijkemeubelen\/sejour\/nadal-fr\/table-basse-en-teck-recycle-pieds-metal\/","title":{"rendered":"Table Basse En Teck Recycl\u00e9, Pieds M\u00e9tal"},"content":{"rendered":"<div id=\"description\" class=\"data item content\" role=\"tabpanel\" data-role=\"content\" aria-labelledby=\"tab-label-description\" aria-hidden=\"false\">\n<div class=\"product attribute description\">\n<div class=\"value\">D\u00e9couvrez l&rsquo;alliance parfaite de l&rsquo;\u00e9l\u00e9gance et de la durabilit\u00e9 avec notre table basse en teck recycl\u00e9, orn\u00e9e de pieds en m\u00e9tal. Ce meuble unique met en valeur la beaut\u00e9 du teck recycl\u00e9, offrant un caract\u00e8re distinctif et une conscience \u00e9cologique. Les pieds en m\u00e9tal ajoutent une touche contemporaine, cr\u00e9ant un contraste subtil avec le bois riche et textur\u00e9. Id\u00e9ale pour les espaces modernes et industriels, cette table basse allie fonctionnalit\u00e9 et design durable. Le teck recycl\u00e9, avec ses nuances chaleureuses et sa patine naturelle, cr\u00e9e une atmosph\u00e8re accueillante, tandis que les pieds en m\u00e9tal apportent une touche de sophistication industrielle. Parfaite pour un salon ou un espace de vie, elle devient un \u00e9l\u00e9ment central de votre d\u00e9cor, alliant style et responsabilit\u00e9 environnementale. Embellissez votre int\u00e9rieur avec une pi\u00e8ce qui incarne \u00e0 la fois le luxe et le respect de l&rsquo;environnement, tout en apportant une \u00e9l\u00e9gance contemporaine.<\/div>\n<\/div>\n<\/div>\n<div id=\"tab-label-additional\" class=\"data item title\" tabindex=\"0\" role=\"tab\" aria-labeledby=\"tab-label-additional-title\" data-role=\"collapsible\" data-collapsible=\"true\" aria-controls=\"additional\" aria-selected=\"false\" aria-expanded=\"false\"><\/div>\n","protected":false},"excerpt":{"rendered":"<p>D\u00e9couvrez l&rsquo;alliance parfaite de l&rsquo;\u00e9l\u00e9gance et de la durabilit\u00e9 avec notre table basse en teck recycl\u00e9, orn\u00e9e de pieds en<\/p>\n","protected":false},"featured_media":15112,"template":"","meta":[],"product_brand":[],"product_cat":[2562],"product_tag":[],"class_list":{"0":"post-16646","1":"product","2":"type-product","3":"status-publish","4":"has-post-thumbnail","6":"product_cat-nadal-fr","7":"pa_breedte-130-cm-fr","8":"pa_diepte-75-cm-fr","9":"pa_hoogte-35-cm-fr","11":"first","12":"instock","13":"purchasable","14":"product-type-simple"},"yoast_head":"<!-- This site is optimized with the Yoast SEO plugin v27.4 - https:\/\/yoast.com\/product\/yoast-seo-wordpress\/ -->\n<title>Sarah Mo - Table Basse En Teck Recycl\u00e9, Pieds M\u00e9tal - Nadal<\/title>\n<meta name=\"description\" content=\"D\u00e9couvrez l&#039;alliance parfaite de l&#039;\u00e9l\u00e9gance et de la durabilit\u00e9 avec notre table basse en teck recycl\u00e9, orn\u00e9e de pieds en m\u00e9tal. Ce meuble unique met en\" \/>\n<meta name=\"robots\" content=\"index, follow, max-snippet:-1, max-image-preview:large, max-video-preview:-1\" \/>\n<link rel=\"canonical\" href=\"https:\/\/www.sarahmo.be\/fr\/landelijkemeubelen\/sejour\/nadal-fr\/table-basse-en-teck-recycle-pieds-metal\/\" \/>\n<meta property=\"og:locale\" content=\"fr_FR\" \/>\n<meta property=\"og:type\" content=\"article\" \/>\n<meta property=\"og:title\" content=\"Sarah Mo - Table Basse En Teck Recycl\u00e9, Pieds M\u00e9tal - Nadal\" \/>\n<meta property=\"og:description\" content=\"D\u00e9couvrez l&#039;alliance parfaite de l&#039;\u00e9l\u00e9gance et de la durabilit\u00e9 avec notre table basse en teck recycl\u00e9, orn\u00e9e de pieds en m\u00e9tal. Ce meuble unique met en\" \/>\n<meta property=\"og:url\" content=\"https:\/\/www.sarahmo.be\/fr\/landelijkemeubelen\/sejour\/nadal-fr\/table-basse-en-teck-recycle-pieds-metal\/\" \/>\n<meta property=\"og:site_name\" content=\"Sarah Mo\" \/>\n<meta property=\"article:publisher\" content=\"https:\/\/www.facebook.com\/SarahMofurniturestore\/\" \/>\n<meta property=\"article:modified_time\" content=\"2024-10-17T12:46:49+00:00\" \/>\n<meta property=\"og:image\" content=\"https:\/\/www.sarahmo.be\/site\/wp-content\/uploads\/NA500.jpg\" \/>\n\t<meta property=\"og:image:width\" content=\"1000\" \/>\n\t<meta property=\"og:image:height\" content=\"667\" \/>\n\t<meta property=\"og:image:type\" content=\"image\/jpeg\" \/>\n<meta name=\"twitter:card\" content=\"summary_large_image\" \/>\n<meta name=\"twitter:label1\" content=\"Dur\u00e9e de lecture estim\u00e9e\" \/>\n\t<meta name=\"twitter:data1\" content=\"1 minute\" \/>\n<script type=\"application\/ld+json\" class=\"yoast-schema-graph\">{\"@context\":\"https:\\\/\\\/schema.org\",\"@graph\":[{\"@type\":\"WebPage\",\"@id\":\"https:\\\/\\\/www.sarahmo.be\\\/fr\\\/landelijkemeubelen\\\/sejour\\\/nadal-fr\\\/table-basse-en-teck-recycle-pieds-metal\\\/\",\"url\":\"https:\\\/\\\/www.sarahmo.be\\\/fr\\\/landelijkemeubelen\\\/sejour\\\/nadal-fr\\\/table-basse-en-teck-recycle-pieds-metal\\\/\",\"name\":\"Sarah Mo - Table Basse En Teck Recycl\u00e9, Pieds M\u00e9tal - Nadal\",\"isPartOf\":{\"@id\":\"https:\\\/\\\/www.sarahmo.be\\\/fr\\\/#website\"},\"primaryImageOfPage\":{\"@id\":\"https:\\\/\\\/www.sarahmo.be\\\/fr\\\/landelijkemeubelen\\\/sejour\\\/nadal-fr\\\/table-basse-en-teck-recycle-pieds-metal\\\/#primaryimage\"},\"image\":{\"@id\":\"https:\\\/\\\/www.sarahmo.be\\\/fr\\\/landelijkemeubelen\\\/sejour\\\/nadal-fr\\\/table-basse-en-teck-recycle-pieds-metal\\\/#primaryimage\"},\"thumbnailUrl\":\"https:\\\/\\\/www.sarahmo.be\\\/site\\\/wp-content\\\/uploads\\\/NA500.jpg\",\"datePublished\":\"2020-04-01T09:22:33+00:00\",\"dateModified\":\"2024-10-17T12:46:49+00:00\",\"description\":\"D\u00e9couvrez l'alliance parfaite de l'\u00e9l\u00e9gance et de la durabilit\u00e9 avec notre table basse en teck recycl\u00e9, orn\u00e9e de pieds en m\u00e9tal. Ce meuble unique met en\",\"breadcrumb\":{\"@id\":\"https:\\\/\\\/www.sarahmo.be\\\/fr\\\/landelijkemeubelen\\\/sejour\\\/nadal-fr\\\/table-basse-en-teck-recycle-pieds-metal\\\/#breadcrumb\"},\"inLanguage\":\"fr-FR\",\"potentialAction\":[{\"@type\":\"ReadAction\",\"target\":[\"https:\\\/\\\/www.sarahmo.be\\\/fr\\\/landelijkemeubelen\\\/sejour\\\/nadal-fr\\\/table-basse-en-teck-recycle-pieds-metal\\\/\"]}]},{\"@type\":\"ImageObject\",\"inLanguage\":\"fr-FR\",\"@id\":\"https:\\\/\\\/www.sarahmo.be\\\/fr\\\/landelijkemeubelen\\\/sejour\\\/nadal-fr\\\/table-basse-en-teck-recycle-pieds-metal\\\/#primaryimage\",\"url\":\"https:\\\/\\\/www.sarahmo.be\\\/site\\\/wp-content\\\/uploads\\\/NA500.jpg\",\"contentUrl\":\"https:\\\/\\\/www.sarahmo.be\\\/site\\\/wp-content\\\/uploads\\\/NA500.jpg\",\"width\":1000,\"height\":667,\"caption\":\"Salontafel met metalen onderstel en tablet in teak - Tafel - Landelijke meubels en verlichting - Sarah Mo\"},{\"@type\":\"BreadcrumbList\",\"@id\":\"https:\\\/\\\/www.sarahmo.be\\\/fr\\\/landelijkemeubelen\\\/sejour\\\/nadal-fr\\\/table-basse-en-teck-recycle-pieds-metal\\\/#breadcrumb\",\"itemListElement\":[{\"@type\":\"ListItem\",\"position\":1,\"name\":\"Accueil\",\"item\":\"https:\\\/\\\/www.sarahmo.be\\\/fr\\\/\"},{\"@type\":\"ListItem\",\"position\":2,\"name\":\"Collection\",\"item\":\"https:\\\/\\\/www.sarahmo.be\\\/fr\\\/collection\\\/\"},{\"@type\":\"ListItem\",\"position\":3,\"name\":\"Table Basse En Teck Recycl\u00e9, Pieds M\u00e9tal\"}]},{\"@type\":\"WebSite\",\"@id\":\"https:\\\/\\\/www.sarahmo.be\\\/fr\\\/#website\",\"url\":\"https:\\\/\\\/www.sarahmo.be\\\/fr\\\/\",\"name\":\"Sarah Mo\",\"description\":\"Sp\u00e9cialiste du style campagne intemporel\",\"publisher\":{\"@id\":\"https:\\\/\\\/www.sarahmo.be\\\/fr\\\/#organization\"},\"potentialAction\":[{\"@type\":\"SearchAction\",\"target\":{\"@type\":\"EntryPoint\",\"urlTemplate\":\"https:\\\/\\\/www.sarahmo.be\\\/fr\\\/?s={search_term_string}\"},\"query-input\":{\"@type\":\"PropertyValueSpecification\",\"valueRequired\":true,\"valueName\":\"search_term_string\"}}],\"inLanguage\":\"fr-FR\"},{\"@type\":\"Organization\",\"@id\":\"https:\\\/\\\/www.sarahmo.be\\\/fr\\\/#organization\",\"name\":\"Sarah Mo Landelijke meubelen en verlichting\",\"url\":\"https:\\\/\\\/www.sarahmo.be\\\/fr\\\/\",\"logo\":{\"@type\":\"ImageObject\",\"inLanguage\":\"fr-FR\",\"@id\":\"https:\\\/\\\/www.sarahmo.be\\\/fr\\\/#\\\/schema\\\/logo\\\/image\\\/\",\"url\":\"https:\\\/\\\/www.sarahmo.be\\\/site\\\/wp-content\\\/uploads\\\/logo-dark.png\",\"contentUrl\":\"https:\\\/\\\/www.sarahmo.be\\\/site\\\/wp-content\\\/uploads\\\/logo-dark.png\",\"width\":1025,\"height\":120,\"caption\":\"Sarah Mo Landelijke meubelen en verlichting\"},\"image\":{\"@id\":\"https:\\\/\\\/www.sarahmo.be\\\/fr\\\/#\\\/schema\\\/logo\\\/image\\\/\"},\"sameAs\":[\"https:\\\/\\\/www.facebook.com\\\/SarahMofurniturestore\\\/\"]}]}<\/script>\n<!-- \/ Yoast SEO plugin. -->","yoast_head_json":{"title":"Sarah Mo - Table Basse En Teck Recycl\u00e9, Pieds M\u00e9tal - Nadal","description":"D\u00e9couvrez l'alliance parfaite de l'\u00e9l\u00e9gance et de la durabilit\u00e9 avec notre table basse en teck recycl\u00e9, orn\u00e9e de pieds en m\u00e9tal. Ce meuble unique met en","robots":{"index":"index","follow":"follow","max-snippet":"max-snippet:-1","max-image-preview":"max-image-preview:large","max-video-preview":"max-video-preview:-1"},"canonical":"https:\/\/www.sarahmo.be\/fr\/landelijkemeubelen\/sejour\/nadal-fr\/table-basse-en-teck-recycle-pieds-metal\/","og_locale":"fr_FR","og_type":"article","og_title":"Sarah Mo - Table Basse En Teck Recycl\u00e9, Pieds M\u00e9tal - Nadal","og_description":"D\u00e9couvrez l'alliance parfaite de l'\u00e9l\u00e9gance et de la durabilit\u00e9 avec notre table basse en teck recycl\u00e9, orn\u00e9e de pieds en m\u00e9tal. Ce meuble unique met en","og_url":"https:\/\/www.sarahmo.be\/fr\/landelijkemeubelen\/sejour\/nadal-fr\/table-basse-en-teck-recycle-pieds-metal\/","og_site_name":"Sarah Mo","article_publisher":"https:\/\/www.facebook.com\/SarahMofurniturestore\/","article_modified_time":"2024-10-17T12:46:49+00:00","og_image":[{"width":1000,"height":667,"url":"https:\/\/www.sarahmo.be\/site\/wp-content\/uploads\/NA500.jpg","type":"image\/jpeg"}],"twitter_card":"summary_large_image","twitter_misc":{"Dur\u00e9e de lecture estim\u00e9e":"1 minute"},"schema":{"@context":"https:\/\/schema.org","@graph":[{"@type":"WebPage","@id":"https:\/\/www.sarahmo.be\/fr\/landelijkemeubelen\/sejour\/nadal-fr\/table-basse-en-teck-recycle-pieds-metal\/","url":"https:\/\/www.sarahmo.be\/fr\/landelijkemeubelen\/sejour\/nadal-fr\/table-basse-en-teck-recycle-pieds-metal\/","name":"Sarah Mo - Table Basse En Teck Recycl\u00e9, Pieds M\u00e9tal - Nadal","isPartOf":{"@id":"https:\/\/www.sarahmo.be\/fr\/#website"},"primaryImageOfPage":{"@id":"https:\/\/www.sarahmo.be\/fr\/landelijkemeubelen\/sejour\/nadal-fr\/table-basse-en-teck-recycle-pieds-metal\/#primaryimage"},"image":{"@id":"https:\/\/www.sarahmo.be\/fr\/landelijkemeubelen\/sejour\/nadal-fr\/table-basse-en-teck-recycle-pieds-metal\/#primaryimage"},"thumbnailUrl":"https:\/\/www.sarahmo.be\/site\/wp-content\/uploads\/NA500.jpg","datePublished":"2020-04-01T09:22:33+00:00","dateModified":"2024-10-17T12:46:49+00:00","description":"D\u00e9couvrez l'alliance parfaite de l'\u00e9l\u00e9gance et de la durabilit\u00e9 avec notre table basse en teck recycl\u00e9, orn\u00e9e de pieds en m\u00e9tal. Ce meuble unique met en","breadcrumb":{"@id":"https:\/\/www.sarahmo.be\/fr\/landelijkemeubelen\/sejour\/nadal-fr\/table-basse-en-teck-recycle-pieds-metal\/#breadcrumb"},"inLanguage":"fr-FR","potentialAction":[{"@type":"ReadAction","target":["https:\/\/www.sarahmo.be\/fr\/landelijkemeubelen\/sejour\/nadal-fr\/table-basse-en-teck-recycle-pieds-metal\/"]}]},{"@type":"ImageObject","inLanguage":"fr-FR","@id":"https:\/\/www.sarahmo.be\/fr\/landelijkemeubelen\/sejour\/nadal-fr\/table-basse-en-teck-recycle-pieds-metal\/#primaryimage","url":"https:\/\/www.sarahmo.be\/site\/wp-content\/uploads\/NA500.jpg","contentUrl":"https:\/\/www.sarahmo.be\/site\/wp-content\/uploads\/NA500.jpg","width":1000,"height":667,"caption":"Salontafel met metalen onderstel en tablet in teak - Tafel - Landelijke meubels en verlichting - Sarah Mo"},{"@type":"BreadcrumbList","@id":"https:\/\/www.sarahmo.be\/fr\/landelijkemeubelen\/sejour\/nadal-fr\/table-basse-en-teck-recycle-pieds-metal\/#breadcrumb","itemListElement":[{"@type":"ListItem","position":1,"name":"Accueil","item":"https:\/\/www.sarahmo.be\/fr\/"},{"@type":"ListItem","position":2,"name":"Collection","item":"https:\/\/www.sarahmo.be\/fr\/collection\/"},{"@type":"ListItem","position":3,"name":"Table Basse En Teck Recycl\u00e9, Pieds M\u00e9tal"}]},{"@type":"WebSite","@id":"https:\/\/www.sarahmo.be\/fr\/#website","url":"https:\/\/www.sarahmo.be\/fr\/","name":"Sarah Mo","description":"Sp\u00e9cialiste du style campagne intemporel","publisher":{"@id":"https:\/\/www.sarahmo.be\/fr\/#organization"},"potentialAction":[{"@type":"SearchAction","target":{"@type":"EntryPoint","urlTemplate":"https:\/\/www.sarahmo.be\/fr\/?s={search_term_string}"},"query-input":{"@type":"PropertyValueSpecification","valueRequired":true,"valueName":"search_term_string"}}],"inLanguage":"fr-FR"},{"@type":"Organization","@id":"https:\/\/www.sarahmo.be\/fr\/#organization","name":"Sarah Mo Landelijke meubelen en verlichting","url":"https:\/\/www.sarahmo.be\/fr\/","logo":{"@type":"ImageObject","inLanguage":"fr-FR","@id":"https:\/\/www.sarahmo.be\/fr\/#\/schema\/logo\/image\/","url":"https:\/\/www.sarahmo.be\/site\/wp-content\/uploads\/logo-dark.png","contentUrl":"https:\/\/www.sarahmo.be\/site\/wp-content\/uploads\/logo-dark.png","width":1025,"height":120,"caption":"Sarah Mo Landelijke meubelen en verlichting"},"image":{"@id":"https:\/\/www.sarahmo.be\/fr\/#\/schema\/logo\/image\/"},"sameAs":["https:\/\/www.facebook.com\/SarahMofurniturestore\/"]}]}},"_links":{"self":[{"href":"https:\/\/www.sarahmo.be\/fr\/wp-json\/wp\/v2\/product\/16646","targetHints":{"allow":["GET"]}}],"collection":[{"href":"https:\/\/www.sarahmo.be\/fr\/wp-json\/wp\/v2\/product"}],"about":[{"href":"https:\/\/www.sarahmo.be\/fr\/wp-json\/wp\/v2\/types\/product"}],"wp:featuredmedia":[{"embeddable":true,"href":"https:\/\/www.sarahmo.be\/fr\/wp-json\/wp\/v2\/media\/15112"}],"wp:attachment":[{"href":"https:\/\/www.sarahmo.be\/fr\/wp-json\/wp\/v2\/media?parent=16646"}],"wp:term":[{"taxonomy":"product_brand","embeddable":true,"href":"https:\/\/www.sarahmo.be\/fr\/wp-json\/wp\/v2\/product_brand?post=16646"},{"taxonomy":"product_cat","embeddable":true,"href":"https:\/\/www.sarahmo.be\/fr\/wp-json\/wp\/v2\/product_cat?post=16646"},{"taxonomy":"product_tag","embeddable":true,"href":"https:\/\/www.sarahmo.be\/fr\/wp-json\/wp\/v2\/product_tag?post=16646"}],"curies":[{"name":"wp","href":"https:\/\/api.w.org\/{rel}","templated":true}]}}