{"id":16660,"date":"2020-04-01T11:22:30","date_gmt":"2020-04-01T09:22:30","guid":{"rendered":"https:\/\/www.sarahmo.be\/site\/landelijkemeubelen\/non%20class\u00e9\/ml104\/"},"modified":"2024-10-17T12:22:31","modified_gmt":"2024-10-17T10:22:31","slug":"vitrine-noire-2-portes-vitrees-6-portes-en-bois-et-tablette-en-bois","status":"publish","type":"product","link":"https:\/\/www.sarahmo.be\/fr\/landelijkemeubelen\/sejour\/melinda-fr\/vitrine-noire-2-portes-vitrees-6-portes-en-bois-et-tablette-en-bois\/","title":{"rendered":"Vitrine noire 2 portes vitr\u00e9es 6 portes en bois et tablette en bois"},"content":{"rendered":"<p>Cette grande vitrine en teck noir est con\u00e7ue pour offrir un vaste espace de rangement tout en ajoutant une touche d\u2019\u00e9l\u00e9gance \u00e0 votre int\u00e9rieur. Les deux portes vitr\u00e9es permettent d\u2019exposer vos objets les plus pr\u00e9cieux, tandis que les six portes en bois cachent de nombreux espaces de rangement. Ce meuble allie parfaitement style industriel et praticit\u00e9, id\u00e9al pour un salon ou une salle \u00e0 manger moderne.<\/p>\n","protected":false},"excerpt":{"rendered":"<p>Cette grande vitrine en teck noir est con\u00e7ue pour offrir un vaste espace de rangement tout en ajoutant une touche<\/p>\n","protected":false},"featured_media":15062,"template":"","meta":[],"product_brand":[],"product_cat":[2561],"product_tag":[],"class_list":{"0":"post-16660","1":"product","2":"type-product","3":"status-publish","4":"has-post-thumbnail","6":"product_cat-melinda-fr","7":"pa_breedte-232-cm-fr","8":"pa_diepte-47-cm-fr","9":"pa_hoogte-230-cm-fr","11":"first","12":"instock","13":"sale","14":"purchasable","15":"product-type-simple"},"yoast_head":"<!-- This site is optimized with the Yoast SEO plugin v27.5 - https:\/\/yoast.com\/product\/yoast-seo-wordpress\/ -->\n<title>Sarah Mo - Vitrine noire 2 portes vitr\u00e9es 6 portes en bois et tablette en bois - Melinda<\/title>\n<meta name=\"description\" content=\"Cette grande vitrine en teck noir est con\u00e7ue pour offrir un vaste espace de rangement tout en ajoutant une touche d\u2019\u00e9l\u00e9gance \u00e0 votre int\u00e9rieur. Les deux\" \/>\n<meta name=\"robots\" content=\"index, follow, max-snippet:-1, max-image-preview:large, max-video-preview:-1\" \/>\n<link rel=\"canonical\" href=\"https:\/\/www.sarahmo.be\/fr\/landelijkemeubelen\/sejour\/melinda-fr\/vitrine-noire-2-portes-vitrees-6-portes-en-bois-et-tablette-en-bois\/\" \/>\n<meta property=\"og:locale\" content=\"fr_FR\" \/>\n<meta property=\"og:type\" content=\"article\" \/>\n<meta property=\"og:title\" content=\"Sarah Mo - Vitrine noire 2 portes vitr\u00e9es 6 portes en bois et tablette en bois - Melinda\" \/>\n<meta property=\"og:description\" content=\"Cette grande vitrine en teck noir est con\u00e7ue pour offrir un vaste espace de rangement tout en ajoutant une touche d\u2019\u00e9l\u00e9gance \u00e0 votre int\u00e9rieur. Les deux\" \/>\n<meta property=\"og:url\" content=\"https:\/\/www.sarahmo.be\/fr\/landelijkemeubelen\/sejour\/melinda-fr\/vitrine-noire-2-portes-vitrees-6-portes-en-bois-et-tablette-en-bois\/\" \/>\n<meta property=\"og:site_name\" content=\"Sarah Mo\" \/>\n<meta property=\"article:publisher\" content=\"https:\/\/www.facebook.com\/SarahMofurniturestore\/\" \/>\n<meta property=\"article:modified_time\" content=\"2024-10-17T10:22:31+00:00\" \/>\n<meta property=\"og:image\" content=\"https:\/\/www.sarahmo.be\/site\/wp-content\/uploads\/ML104-1.jpg\" \/>\n\t<meta property=\"og:image:width\" content=\"1000\" \/>\n\t<meta property=\"og:image:height\" content=\"669\" \/>\n\t<meta property=\"og:image:type\" content=\"image\/jpeg\" \/>\n<meta name=\"twitter:card\" content=\"summary_large_image\" \/>\n<meta name=\"twitter:label1\" content=\"Dur\u00e9e de lecture estim\u00e9e\" \/>\n\t<meta name=\"twitter:data1\" content=\"1 minute\" \/>\n<script type=\"application\/ld+json\" class=\"yoast-schema-graph\">{\"@context\":\"https:\\\/\\\/schema.org\",\"@graph\":[{\"@type\":\"WebPage\",\"@id\":\"https:\\\/\\\/www.sarahmo.be\\\/fr\\\/landelijkemeubelen\\\/sejour\\\/melinda-fr\\\/vitrine-noire-2-portes-vitrees-6-portes-en-bois-et-tablette-en-bois\\\/\",\"url\":\"https:\\\/\\\/www.sarahmo.be\\\/fr\\\/landelijkemeubelen\\\/sejour\\\/melinda-fr\\\/vitrine-noire-2-portes-vitrees-6-portes-en-bois-et-tablette-en-bois\\\/\",\"name\":\"Sarah Mo - Vitrine noire 2 portes vitr\u00e9es 6 portes en bois et tablette en bois - Melinda\",\"isPartOf\":{\"@id\":\"https:\\\/\\\/www.sarahmo.be\\\/fr\\\/#website\"},\"primaryImageOfPage\":{\"@id\":\"https:\\\/\\\/www.sarahmo.be\\\/fr\\\/landelijkemeubelen\\\/sejour\\\/melinda-fr\\\/vitrine-noire-2-portes-vitrees-6-portes-en-bois-et-tablette-en-bois\\\/#primaryimage\"},\"image\":{\"@id\":\"https:\\\/\\\/www.sarahmo.be\\\/fr\\\/landelijkemeubelen\\\/sejour\\\/melinda-fr\\\/vitrine-noire-2-portes-vitrees-6-portes-en-bois-et-tablette-en-bois\\\/#primaryimage\"},\"thumbnailUrl\":\"https:\\\/\\\/www.sarahmo.be\\\/site\\\/wp-content\\\/uploads\\\/ML104-1.jpg\",\"datePublished\":\"2020-04-01T09:22:30+00:00\",\"dateModified\":\"2024-10-17T10:22:31+00:00\",\"description\":\"Cette grande vitrine en teck noir est con\u00e7ue pour offrir un vaste espace de rangement tout en ajoutant une touche d\u2019\u00e9l\u00e9gance \u00e0 votre int\u00e9rieur. Les deux\",\"breadcrumb\":{\"@id\":\"https:\\\/\\\/www.sarahmo.be\\\/fr\\\/landelijkemeubelen\\\/sejour\\\/melinda-fr\\\/vitrine-noire-2-portes-vitrees-6-portes-en-bois-et-tablette-en-bois\\\/#breadcrumb\"},\"inLanguage\":\"fr-FR\",\"potentialAction\":[{\"@type\":\"ReadAction\",\"target\":[\"https:\\\/\\\/www.sarahmo.be\\\/fr\\\/landelijkemeubelen\\\/sejour\\\/melinda-fr\\\/vitrine-noire-2-portes-vitrees-6-portes-en-bois-et-tablette-en-bois\\\/\"]}]},{\"@type\":\"ImageObject\",\"inLanguage\":\"fr-FR\",\"@id\":\"https:\\\/\\\/www.sarahmo.be\\\/fr\\\/landelijkemeubelen\\\/sejour\\\/melinda-fr\\\/vitrine-noire-2-portes-vitrees-6-portes-en-bois-et-tablette-en-bois\\\/#primaryimage\",\"url\":\"https:\\\/\\\/www.sarahmo.be\\\/site\\\/wp-content\\\/uploads\\\/ML104-1.jpg\",\"contentUrl\":\"https:\\\/\\\/www.sarahmo.be\\\/site\\\/wp-content\\\/uploads\\\/ML104-1.jpg\",\"width\":1000,\"height\":669,\"caption\":\"Zwarte vitrinekast met 2 glazen deuren, 6 houten deuren en tablet in hout - China kabinet - Landelijke meubels en verlichting - Sarah Mo\"},{\"@type\":\"BreadcrumbList\",\"@id\":\"https:\\\/\\\/www.sarahmo.be\\\/fr\\\/landelijkemeubelen\\\/sejour\\\/melinda-fr\\\/vitrine-noire-2-portes-vitrees-6-portes-en-bois-et-tablette-en-bois\\\/#breadcrumb\",\"itemListElement\":[{\"@type\":\"ListItem\",\"position\":1,\"name\":\"Accueil\",\"item\":\"https:\\\/\\\/www.sarahmo.be\\\/fr\\\/\"},{\"@type\":\"ListItem\",\"position\":2,\"name\":\"Collection\",\"item\":\"https:\\\/\\\/www.sarahmo.be\\\/fr\\\/collection\\\/\"},{\"@type\":\"ListItem\",\"position\":3,\"name\":\"Vitrine noire 2 portes vitr\u00e9es 6 portes en bois et tablette en bois\"}]},{\"@type\":\"WebSite\",\"@id\":\"https:\\\/\\\/www.sarahmo.be\\\/fr\\\/#website\",\"url\":\"https:\\\/\\\/www.sarahmo.be\\\/fr\\\/\",\"name\":\"Sarah Mo\",\"description\":\"Sp\u00e9cialiste du style campagne intemporel\",\"publisher\":{\"@id\":\"https:\\\/\\\/www.sarahmo.be\\\/fr\\\/#organization\"},\"potentialAction\":[{\"@type\":\"SearchAction\",\"target\":{\"@type\":\"EntryPoint\",\"urlTemplate\":\"https:\\\/\\\/www.sarahmo.be\\\/fr\\\/?s={search_term_string}\"},\"query-input\":{\"@type\":\"PropertyValueSpecification\",\"valueRequired\":true,\"valueName\":\"search_term_string\"}}],\"inLanguage\":\"fr-FR\"},{\"@type\":\"Organization\",\"@id\":\"https:\\\/\\\/www.sarahmo.be\\\/fr\\\/#organization\",\"name\":\"Sarah Mo Landelijke meubelen en verlichting\",\"url\":\"https:\\\/\\\/www.sarahmo.be\\\/fr\\\/\",\"logo\":{\"@type\":\"ImageObject\",\"inLanguage\":\"fr-FR\",\"@id\":\"https:\\\/\\\/www.sarahmo.be\\\/fr\\\/#\\\/schema\\\/logo\\\/image\\\/\",\"url\":\"https:\\\/\\\/www.sarahmo.be\\\/site\\\/wp-content\\\/uploads\\\/logo-dark.png\",\"contentUrl\":\"https:\\\/\\\/www.sarahmo.be\\\/site\\\/wp-content\\\/uploads\\\/logo-dark.png\",\"width\":1025,\"height\":120,\"caption\":\"Sarah Mo Landelijke meubelen en verlichting\"},\"image\":{\"@id\":\"https:\\\/\\\/www.sarahmo.be\\\/fr\\\/#\\\/schema\\\/logo\\\/image\\\/\"},\"sameAs\":[\"https:\\\/\\\/www.facebook.com\\\/SarahMofurniturestore\\\/\"]}]}<\/script>\n<!-- \/ Yoast SEO plugin. -->","yoast_head_json":{"title":"Sarah Mo - Vitrine noire 2 portes vitr\u00e9es 6 portes en bois et tablette en bois - Melinda","description":"Cette grande vitrine en teck noir est con\u00e7ue pour offrir un vaste espace de rangement tout en ajoutant une touche d\u2019\u00e9l\u00e9gance \u00e0 votre int\u00e9rieur. Les deux","robots":{"index":"index","follow":"follow","max-snippet":"max-snippet:-1","max-image-preview":"max-image-preview:large","max-video-preview":"max-video-preview:-1"},"canonical":"https:\/\/www.sarahmo.be\/fr\/landelijkemeubelen\/sejour\/melinda-fr\/vitrine-noire-2-portes-vitrees-6-portes-en-bois-et-tablette-en-bois\/","og_locale":"fr_FR","og_type":"article","og_title":"Sarah Mo - Vitrine noire 2 portes vitr\u00e9es 6 portes en bois et tablette en bois - Melinda","og_description":"Cette grande vitrine en teck noir est con\u00e7ue pour offrir un vaste espace de rangement tout en ajoutant une touche d\u2019\u00e9l\u00e9gance \u00e0 votre int\u00e9rieur. Les deux","og_url":"https:\/\/www.sarahmo.be\/fr\/landelijkemeubelen\/sejour\/melinda-fr\/vitrine-noire-2-portes-vitrees-6-portes-en-bois-et-tablette-en-bois\/","og_site_name":"Sarah Mo","article_publisher":"https:\/\/www.facebook.com\/SarahMofurniturestore\/","article_modified_time":"2024-10-17T10:22:31+00:00","og_image":[{"width":1000,"height":669,"url":"https:\/\/www.sarahmo.be\/site\/wp-content\/uploads\/ML104-1.jpg","type":"image\/jpeg"}],"twitter_card":"summary_large_image","twitter_misc":{"Dur\u00e9e de lecture estim\u00e9e":"1 minute"},"schema":{"@context":"https:\/\/schema.org","@graph":[{"@type":"WebPage","@id":"https:\/\/www.sarahmo.be\/fr\/landelijkemeubelen\/sejour\/melinda-fr\/vitrine-noire-2-portes-vitrees-6-portes-en-bois-et-tablette-en-bois\/","url":"https:\/\/www.sarahmo.be\/fr\/landelijkemeubelen\/sejour\/melinda-fr\/vitrine-noire-2-portes-vitrees-6-portes-en-bois-et-tablette-en-bois\/","name":"Sarah Mo - Vitrine noire 2 portes vitr\u00e9es 6 portes en bois et tablette en bois - Melinda","isPartOf":{"@id":"https:\/\/www.sarahmo.be\/fr\/#website"},"primaryImageOfPage":{"@id":"https:\/\/www.sarahmo.be\/fr\/landelijkemeubelen\/sejour\/melinda-fr\/vitrine-noire-2-portes-vitrees-6-portes-en-bois-et-tablette-en-bois\/#primaryimage"},"image":{"@id":"https:\/\/www.sarahmo.be\/fr\/landelijkemeubelen\/sejour\/melinda-fr\/vitrine-noire-2-portes-vitrees-6-portes-en-bois-et-tablette-en-bois\/#primaryimage"},"thumbnailUrl":"https:\/\/www.sarahmo.be\/site\/wp-content\/uploads\/ML104-1.jpg","datePublished":"2020-04-01T09:22:30+00:00","dateModified":"2024-10-17T10:22:31+00:00","description":"Cette grande vitrine en teck noir est con\u00e7ue pour offrir un vaste espace de rangement tout en ajoutant une touche d\u2019\u00e9l\u00e9gance \u00e0 votre int\u00e9rieur. Les deux","breadcrumb":{"@id":"https:\/\/www.sarahmo.be\/fr\/landelijkemeubelen\/sejour\/melinda-fr\/vitrine-noire-2-portes-vitrees-6-portes-en-bois-et-tablette-en-bois\/#breadcrumb"},"inLanguage":"fr-FR","potentialAction":[{"@type":"ReadAction","target":["https:\/\/www.sarahmo.be\/fr\/landelijkemeubelen\/sejour\/melinda-fr\/vitrine-noire-2-portes-vitrees-6-portes-en-bois-et-tablette-en-bois\/"]}]},{"@type":"ImageObject","inLanguage":"fr-FR","@id":"https:\/\/www.sarahmo.be\/fr\/landelijkemeubelen\/sejour\/melinda-fr\/vitrine-noire-2-portes-vitrees-6-portes-en-bois-et-tablette-en-bois\/#primaryimage","url":"https:\/\/www.sarahmo.be\/site\/wp-content\/uploads\/ML104-1.jpg","contentUrl":"https:\/\/www.sarahmo.be\/site\/wp-content\/uploads\/ML104-1.jpg","width":1000,"height":669,"caption":"Zwarte vitrinekast met 2 glazen deuren, 6 houten deuren en tablet in hout - China kabinet - Landelijke meubels en verlichting - Sarah Mo"},{"@type":"BreadcrumbList","@id":"https:\/\/www.sarahmo.be\/fr\/landelijkemeubelen\/sejour\/melinda-fr\/vitrine-noire-2-portes-vitrees-6-portes-en-bois-et-tablette-en-bois\/#breadcrumb","itemListElement":[{"@type":"ListItem","position":1,"name":"Accueil","item":"https:\/\/www.sarahmo.be\/fr\/"},{"@type":"ListItem","position":2,"name":"Collection","item":"https:\/\/www.sarahmo.be\/fr\/collection\/"},{"@type":"ListItem","position":3,"name":"Vitrine noire 2 portes vitr\u00e9es 6 portes en bois et tablette en bois"}]},{"@type":"WebSite","@id":"https:\/\/www.sarahmo.be\/fr\/#website","url":"https:\/\/www.sarahmo.be\/fr\/","name":"Sarah Mo","description":"Sp\u00e9cialiste du style campagne intemporel","publisher":{"@id":"https:\/\/www.sarahmo.be\/fr\/#organization"},"potentialAction":[{"@type":"SearchAction","target":{"@type":"EntryPoint","urlTemplate":"https:\/\/www.sarahmo.be\/fr\/?s={search_term_string}"},"query-input":{"@type":"PropertyValueSpecification","valueRequired":true,"valueName":"search_term_string"}}],"inLanguage":"fr-FR"},{"@type":"Organization","@id":"https:\/\/www.sarahmo.be\/fr\/#organization","name":"Sarah Mo Landelijke meubelen en verlichting","url":"https:\/\/www.sarahmo.be\/fr\/","logo":{"@type":"ImageObject","inLanguage":"fr-FR","@id":"https:\/\/www.sarahmo.be\/fr\/#\/schema\/logo\/image\/","url":"https:\/\/www.sarahmo.be\/site\/wp-content\/uploads\/logo-dark.png","contentUrl":"https:\/\/www.sarahmo.be\/site\/wp-content\/uploads\/logo-dark.png","width":1025,"height":120,"caption":"Sarah Mo Landelijke meubelen en verlichting"},"image":{"@id":"https:\/\/www.sarahmo.be\/fr\/#\/schema\/logo\/image\/"},"sameAs":["https:\/\/www.facebook.com\/SarahMofurniturestore\/"]}]}},"_links":{"self":[{"href":"https:\/\/www.sarahmo.be\/fr\/wp-json\/wp\/v2\/product\/16660","targetHints":{"allow":["GET"]}}],"collection":[{"href":"https:\/\/www.sarahmo.be\/fr\/wp-json\/wp\/v2\/product"}],"about":[{"href":"https:\/\/www.sarahmo.be\/fr\/wp-json\/wp\/v2\/types\/product"}],"wp:featuredmedia":[{"embeddable":true,"href":"https:\/\/www.sarahmo.be\/fr\/wp-json\/wp\/v2\/media\/15062"}],"wp:attachment":[{"href":"https:\/\/www.sarahmo.be\/fr\/wp-json\/wp\/v2\/media?parent=16660"}],"wp:term":[{"taxonomy":"product_brand","embeddable":true,"href":"https:\/\/www.sarahmo.be\/fr\/wp-json\/wp\/v2\/product_brand?post=16660"},{"taxonomy":"product_cat","embeddable":true,"href":"https:\/\/www.sarahmo.be\/fr\/wp-json\/wp\/v2\/product_cat?post=16660"},{"taxonomy":"product_tag","embeddable":true,"href":"https:\/\/www.sarahmo.be\/fr\/wp-json\/wp\/v2\/product_tag?post=16660"}],"curies":[{"name":"wp","href":"https:\/\/api.w.org\/{rel}","templated":true}]}}