{"id":16682,"date":"2020-04-01T11:22:21","date_gmt":"2020-04-01T09:22:21","guid":{"rendered":"https:\/\/www.sarahmo.be\/site\/landelijkemeubelen\/non%20class\u00e9\/gm133\/"},"modified":"2024-10-16T10:36:23","modified_gmt":"2024-10-16T08:36:23","slug":"meuble-tv-en-teck-avec-2-portes-1-tiroir-et-tablette","status":"publish","type":"product","link":"https:\/\/www.sarahmo.be\/fr\/landelijkemeubelen\/sejour\/gemma-fr\/meuble-tv-en-teck-avec-2-portes-1-tiroir-et-tablette\/","title":{"rendered":"Meuble TV en teck avec 2 portes, 1 tiroir et tablette"},"content":{"rendered":"<p>Ce meuble TV rustique en teck patin\u00e9 \u00ab\u00a0Blanc vieilli\u00a0\u00bb est \u00e0 la fois \u00e9l\u00e9gant et fonctionnel. Avec ses deux portes, un tiroir et une tablette, il offre un espace de rangement pratique pour organiser vos \u00e9quipements multim\u00e9dias. Un choix id\u00e9al pour un salon chaleureux et accueillant.<\/p>\n","protected":false},"excerpt":{"rendered":"<p>Ce meuble TV rustique en teck patin\u00e9 \u00ab\u00a0Blanc vieilli\u00a0\u00bb est \u00e0 la fois \u00e9l\u00e9gant et fonctionnel. Avec ses deux portes,<\/p>\n","protected":false},"featured_media":14974,"template":"","meta":[],"product_brand":[],"product_cat":[2557],"product_tag":[],"class_list":{"0":"post-16682","1":"product","2":"type-product","3":"status-publish","4":"has-post-thumbnail","6":"product_cat-gemma-fr","7":"pa_breedte-120-cm-fr","8":"pa_diepte-45-cm-fr","9":"pa_hoogte-80-cm-fr","11":"first","12":"instock","13":"purchasable","14":"product-type-simple"},"yoast_head":"<!-- This site is optimized with the Yoast SEO plugin v27.4 - https:\/\/yoast.com\/product\/yoast-seo-wordpress\/ -->\n<title>Sarah Mo - Meuble TV en teck avec 2 portes, 1 tiroir et tablette - Gemma<\/title>\n<meta name=\"description\" content=\"Meuble TV en bois de teck avec une finition &quot;blanc vieilli&quot;. Vivez l&#039;\u00e9l\u00e9gance rustique chez votre magasin de meubles Sarah Mo.\" \/>\n<meta name=\"robots\" content=\"index, follow, max-snippet:-1, max-image-preview:large, max-video-preview:-1\" \/>\n<link rel=\"canonical\" href=\"https:\/\/www.sarahmo.be\/fr\/landelijkemeubelen\/sejour\/gemma-fr\/meuble-tv-en-teck-avec-2-portes-1-tiroir-et-tablette\/\" \/>\n<meta property=\"og:locale\" content=\"fr_FR\" \/>\n<meta property=\"og:type\" content=\"article\" \/>\n<meta property=\"og:title\" content=\"Sarah Mo - Meuble TV en teck avec 2 portes, 1 tiroir et tablette - Gemma\" \/>\n<meta property=\"og:description\" content=\"Meuble TV en bois de teck avec une finition &quot;blanc vieilli&quot;. Vivez l&#039;\u00e9l\u00e9gance rustique chez votre magasin de meubles Sarah Mo.\" \/>\n<meta property=\"og:url\" content=\"https:\/\/www.sarahmo.be\/fr\/landelijkemeubelen\/sejour\/gemma-fr\/meuble-tv-en-teck-avec-2-portes-1-tiroir-et-tablette\/\" \/>\n<meta property=\"og:site_name\" content=\"Sarah Mo\" \/>\n<meta property=\"article:publisher\" content=\"https:\/\/www.facebook.com\/SarahMofurniturestore\/\" \/>\n<meta property=\"article:modified_time\" content=\"2024-10-16T08:36:23+00:00\" \/>\n<meta property=\"og:image\" content=\"https:\/\/www.sarahmo.be\/site\/wp-content\/uploads\/GM133.jpg\" \/>\n\t<meta property=\"og:image:width\" content=\"1000\" \/>\n\t<meta property=\"og:image:height\" content=\"667\" \/>\n\t<meta property=\"og:image:type\" content=\"image\/jpeg\" \/>\n<meta name=\"twitter:card\" content=\"summary_large_image\" \/>\n<meta name=\"twitter:label1\" content=\"Dur\u00e9e de lecture estim\u00e9e\" \/>\n\t<meta name=\"twitter:data1\" content=\"1 minute\" \/>\n<script type=\"application\/ld+json\" class=\"yoast-schema-graph\">{\"@context\":\"https:\\\/\\\/schema.org\",\"@graph\":[{\"@type\":\"WebPage\",\"@id\":\"https:\\\/\\\/www.sarahmo.be\\\/fr\\\/landelijkemeubelen\\\/sejour\\\/gemma-fr\\\/meuble-tv-en-teck-avec-2-portes-1-tiroir-et-tablette\\\/\",\"url\":\"https:\\\/\\\/www.sarahmo.be\\\/fr\\\/landelijkemeubelen\\\/sejour\\\/gemma-fr\\\/meuble-tv-en-teck-avec-2-portes-1-tiroir-et-tablette\\\/\",\"name\":\"Sarah Mo - Meuble TV en teck avec 2 portes, 1 tiroir et tablette - Gemma\",\"isPartOf\":{\"@id\":\"https:\\\/\\\/www.sarahmo.be\\\/fr\\\/#website\"},\"primaryImageOfPage\":{\"@id\":\"https:\\\/\\\/www.sarahmo.be\\\/fr\\\/landelijkemeubelen\\\/sejour\\\/gemma-fr\\\/meuble-tv-en-teck-avec-2-portes-1-tiroir-et-tablette\\\/#primaryimage\"},\"image\":{\"@id\":\"https:\\\/\\\/www.sarahmo.be\\\/fr\\\/landelijkemeubelen\\\/sejour\\\/gemma-fr\\\/meuble-tv-en-teck-avec-2-portes-1-tiroir-et-tablette\\\/#primaryimage\"},\"thumbnailUrl\":\"https:\\\/\\\/www.sarahmo.be\\\/site\\\/wp-content\\\/uploads\\\/GM133.jpg\",\"datePublished\":\"2020-04-01T09:22:21+00:00\",\"dateModified\":\"2024-10-16T08:36:23+00:00\",\"description\":\"Meuble TV en bois de teck avec une finition \\\"blanc vieilli\\\". Vivez l'\u00e9l\u00e9gance rustique chez votre magasin de meubles Sarah Mo.\",\"breadcrumb\":{\"@id\":\"https:\\\/\\\/www.sarahmo.be\\\/fr\\\/landelijkemeubelen\\\/sejour\\\/gemma-fr\\\/meuble-tv-en-teck-avec-2-portes-1-tiroir-et-tablette\\\/#breadcrumb\"},\"inLanguage\":\"fr-FR\",\"potentialAction\":[{\"@type\":\"ReadAction\",\"target\":[\"https:\\\/\\\/www.sarahmo.be\\\/fr\\\/landelijkemeubelen\\\/sejour\\\/gemma-fr\\\/meuble-tv-en-teck-avec-2-portes-1-tiroir-et-tablette\\\/\"]}]},{\"@type\":\"ImageObject\",\"inLanguage\":\"fr-FR\",\"@id\":\"https:\\\/\\\/www.sarahmo.be\\\/fr\\\/landelijkemeubelen\\\/sejour\\\/gemma-fr\\\/meuble-tv-en-teck-avec-2-portes-1-tiroir-et-tablette\\\/#primaryimage\",\"url\":\"https:\\\/\\\/www.sarahmo.be\\\/site\\\/wp-content\\\/uploads\\\/GM133.jpg\",\"contentUrl\":\"https:\\\/\\\/www.sarahmo.be\\\/site\\\/wp-content\\\/uploads\\\/GM133.jpg\",\"width\":1000,\"height\":667,\"caption\":\"Tv-dressoir met 2 deuren, 1 lade en tablet in teak - Televisie - Landelijke meubels en verlichting - Sarah Mo\"},{\"@type\":\"BreadcrumbList\",\"@id\":\"https:\\\/\\\/www.sarahmo.be\\\/fr\\\/landelijkemeubelen\\\/sejour\\\/gemma-fr\\\/meuble-tv-en-teck-avec-2-portes-1-tiroir-et-tablette\\\/#breadcrumb\",\"itemListElement\":[{\"@type\":\"ListItem\",\"position\":1,\"name\":\"Accueil\",\"item\":\"https:\\\/\\\/www.sarahmo.be\\\/fr\\\/\"},{\"@type\":\"ListItem\",\"position\":2,\"name\":\"Collection\",\"item\":\"https:\\\/\\\/www.sarahmo.be\\\/fr\\\/collection\\\/\"},{\"@type\":\"ListItem\",\"position\":3,\"name\":\"Meuble TV en teck avec 2 portes, 1 tiroir et tablette\"}]},{\"@type\":\"WebSite\",\"@id\":\"https:\\\/\\\/www.sarahmo.be\\\/fr\\\/#website\",\"url\":\"https:\\\/\\\/www.sarahmo.be\\\/fr\\\/\",\"name\":\"Sarah Mo\",\"description\":\"Sp\u00e9cialiste du style campagne intemporel\",\"publisher\":{\"@id\":\"https:\\\/\\\/www.sarahmo.be\\\/fr\\\/#organization\"},\"potentialAction\":[{\"@type\":\"SearchAction\",\"target\":{\"@type\":\"EntryPoint\",\"urlTemplate\":\"https:\\\/\\\/www.sarahmo.be\\\/fr\\\/?s={search_term_string}\"},\"query-input\":{\"@type\":\"PropertyValueSpecification\",\"valueRequired\":true,\"valueName\":\"search_term_string\"}}],\"inLanguage\":\"fr-FR\"},{\"@type\":\"Organization\",\"@id\":\"https:\\\/\\\/www.sarahmo.be\\\/fr\\\/#organization\",\"name\":\"Sarah Mo Landelijke meubelen en verlichting\",\"url\":\"https:\\\/\\\/www.sarahmo.be\\\/fr\\\/\",\"logo\":{\"@type\":\"ImageObject\",\"inLanguage\":\"fr-FR\",\"@id\":\"https:\\\/\\\/www.sarahmo.be\\\/fr\\\/#\\\/schema\\\/logo\\\/image\\\/\",\"url\":\"https:\\\/\\\/www.sarahmo.be\\\/site\\\/wp-content\\\/uploads\\\/logo-dark.png\",\"contentUrl\":\"https:\\\/\\\/www.sarahmo.be\\\/site\\\/wp-content\\\/uploads\\\/logo-dark.png\",\"width\":1025,\"height\":120,\"caption\":\"Sarah Mo Landelijke meubelen en verlichting\"},\"image\":{\"@id\":\"https:\\\/\\\/www.sarahmo.be\\\/fr\\\/#\\\/schema\\\/logo\\\/image\\\/\"},\"sameAs\":[\"https:\\\/\\\/www.facebook.com\\\/SarahMofurniturestore\\\/\"]}]}<\/script>\n<!-- \/ Yoast SEO plugin. -->","yoast_head_json":{"title":"Sarah Mo - Meuble TV en teck avec 2 portes, 1 tiroir et tablette - Gemma","description":"Meuble TV en bois de teck avec une finition \"blanc vieilli\". Vivez l'\u00e9l\u00e9gance rustique chez votre magasin de meubles Sarah Mo.","robots":{"index":"index","follow":"follow","max-snippet":"max-snippet:-1","max-image-preview":"max-image-preview:large","max-video-preview":"max-video-preview:-1"},"canonical":"https:\/\/www.sarahmo.be\/fr\/landelijkemeubelen\/sejour\/gemma-fr\/meuble-tv-en-teck-avec-2-portes-1-tiroir-et-tablette\/","og_locale":"fr_FR","og_type":"article","og_title":"Sarah Mo - Meuble TV en teck avec 2 portes, 1 tiroir et tablette - Gemma","og_description":"Meuble TV en bois de teck avec une finition \"blanc vieilli\". Vivez l'\u00e9l\u00e9gance rustique chez votre magasin de meubles Sarah Mo.","og_url":"https:\/\/www.sarahmo.be\/fr\/landelijkemeubelen\/sejour\/gemma-fr\/meuble-tv-en-teck-avec-2-portes-1-tiroir-et-tablette\/","og_site_name":"Sarah Mo","article_publisher":"https:\/\/www.facebook.com\/SarahMofurniturestore\/","article_modified_time":"2024-10-16T08:36:23+00:00","og_image":[{"width":1000,"height":667,"url":"https:\/\/www.sarahmo.be\/site\/wp-content\/uploads\/GM133.jpg","type":"image\/jpeg"}],"twitter_card":"summary_large_image","twitter_misc":{"Dur\u00e9e de lecture estim\u00e9e":"1 minute"},"schema":{"@context":"https:\/\/schema.org","@graph":[{"@type":"WebPage","@id":"https:\/\/www.sarahmo.be\/fr\/landelijkemeubelen\/sejour\/gemma-fr\/meuble-tv-en-teck-avec-2-portes-1-tiroir-et-tablette\/","url":"https:\/\/www.sarahmo.be\/fr\/landelijkemeubelen\/sejour\/gemma-fr\/meuble-tv-en-teck-avec-2-portes-1-tiroir-et-tablette\/","name":"Sarah Mo - Meuble TV en teck avec 2 portes, 1 tiroir et tablette - Gemma","isPartOf":{"@id":"https:\/\/www.sarahmo.be\/fr\/#website"},"primaryImageOfPage":{"@id":"https:\/\/www.sarahmo.be\/fr\/landelijkemeubelen\/sejour\/gemma-fr\/meuble-tv-en-teck-avec-2-portes-1-tiroir-et-tablette\/#primaryimage"},"image":{"@id":"https:\/\/www.sarahmo.be\/fr\/landelijkemeubelen\/sejour\/gemma-fr\/meuble-tv-en-teck-avec-2-portes-1-tiroir-et-tablette\/#primaryimage"},"thumbnailUrl":"https:\/\/www.sarahmo.be\/site\/wp-content\/uploads\/GM133.jpg","datePublished":"2020-04-01T09:22:21+00:00","dateModified":"2024-10-16T08:36:23+00:00","description":"Meuble TV en bois de teck avec une finition \"blanc vieilli\". Vivez l'\u00e9l\u00e9gance rustique chez votre magasin de meubles Sarah Mo.","breadcrumb":{"@id":"https:\/\/www.sarahmo.be\/fr\/landelijkemeubelen\/sejour\/gemma-fr\/meuble-tv-en-teck-avec-2-portes-1-tiroir-et-tablette\/#breadcrumb"},"inLanguage":"fr-FR","potentialAction":[{"@type":"ReadAction","target":["https:\/\/www.sarahmo.be\/fr\/landelijkemeubelen\/sejour\/gemma-fr\/meuble-tv-en-teck-avec-2-portes-1-tiroir-et-tablette\/"]}]},{"@type":"ImageObject","inLanguage":"fr-FR","@id":"https:\/\/www.sarahmo.be\/fr\/landelijkemeubelen\/sejour\/gemma-fr\/meuble-tv-en-teck-avec-2-portes-1-tiroir-et-tablette\/#primaryimage","url":"https:\/\/www.sarahmo.be\/site\/wp-content\/uploads\/GM133.jpg","contentUrl":"https:\/\/www.sarahmo.be\/site\/wp-content\/uploads\/GM133.jpg","width":1000,"height":667,"caption":"Tv-dressoir met 2 deuren, 1 lade en tablet in teak - Televisie - Landelijke meubels en verlichting - Sarah Mo"},{"@type":"BreadcrumbList","@id":"https:\/\/www.sarahmo.be\/fr\/landelijkemeubelen\/sejour\/gemma-fr\/meuble-tv-en-teck-avec-2-portes-1-tiroir-et-tablette\/#breadcrumb","itemListElement":[{"@type":"ListItem","position":1,"name":"Accueil","item":"https:\/\/www.sarahmo.be\/fr\/"},{"@type":"ListItem","position":2,"name":"Collection","item":"https:\/\/www.sarahmo.be\/fr\/collection\/"},{"@type":"ListItem","position":3,"name":"Meuble TV en teck avec 2 portes, 1 tiroir et tablette"}]},{"@type":"WebSite","@id":"https:\/\/www.sarahmo.be\/fr\/#website","url":"https:\/\/www.sarahmo.be\/fr\/","name":"Sarah Mo","description":"Sp\u00e9cialiste du style campagne intemporel","publisher":{"@id":"https:\/\/www.sarahmo.be\/fr\/#organization"},"potentialAction":[{"@type":"SearchAction","target":{"@type":"EntryPoint","urlTemplate":"https:\/\/www.sarahmo.be\/fr\/?s={search_term_string}"},"query-input":{"@type":"PropertyValueSpecification","valueRequired":true,"valueName":"search_term_string"}}],"inLanguage":"fr-FR"},{"@type":"Organization","@id":"https:\/\/www.sarahmo.be\/fr\/#organization","name":"Sarah Mo Landelijke meubelen en verlichting","url":"https:\/\/www.sarahmo.be\/fr\/","logo":{"@type":"ImageObject","inLanguage":"fr-FR","@id":"https:\/\/www.sarahmo.be\/fr\/#\/schema\/logo\/image\/","url":"https:\/\/www.sarahmo.be\/site\/wp-content\/uploads\/logo-dark.png","contentUrl":"https:\/\/www.sarahmo.be\/site\/wp-content\/uploads\/logo-dark.png","width":1025,"height":120,"caption":"Sarah Mo Landelijke meubelen en verlichting"},"image":{"@id":"https:\/\/www.sarahmo.be\/fr\/#\/schema\/logo\/image\/"},"sameAs":["https:\/\/www.facebook.com\/SarahMofurniturestore\/"]}]}},"_links":{"self":[{"href":"https:\/\/www.sarahmo.be\/fr\/wp-json\/wp\/v2\/product\/16682","targetHints":{"allow":["GET"]}}],"collection":[{"href":"https:\/\/www.sarahmo.be\/fr\/wp-json\/wp\/v2\/product"}],"about":[{"href":"https:\/\/www.sarahmo.be\/fr\/wp-json\/wp\/v2\/types\/product"}],"wp:featuredmedia":[{"embeddable":true,"href":"https:\/\/www.sarahmo.be\/fr\/wp-json\/wp\/v2\/media\/14974"}],"wp:attachment":[{"href":"https:\/\/www.sarahmo.be\/fr\/wp-json\/wp\/v2\/media?parent=16682"}],"wp:term":[{"taxonomy":"product_brand","embeddable":true,"href":"https:\/\/www.sarahmo.be\/fr\/wp-json\/wp\/v2\/product_brand?post=16682"},{"taxonomy":"product_cat","embeddable":true,"href":"https:\/\/www.sarahmo.be\/fr\/wp-json\/wp\/v2\/product_cat?post=16682"},{"taxonomy":"product_tag","embeddable":true,"href":"https:\/\/www.sarahmo.be\/fr\/wp-json\/wp\/v2\/product_tag?post=16682"}],"curies":[{"name":"wp","href":"https:\/\/api.w.org\/{rel}","templated":true}]}}