{"id":16687,"date":"2020-04-01T11:22:20","date_gmt":"2020-04-01T09:22:20","guid":{"rendered":"https:\/\/www.sarahmo.be\/site\/landelijkemeubelen\/non%20class\u00e9\/gm102\/"},"modified":"2024-10-16T11:12:59","modified_gmt":"2024-10-16T09:12:59","slug":"vitrine-en-teck-avec-2-portes-vitrees-2-portes-en-bois-et-2-tiroirs","status":"publish","type":"product","link":"https:\/\/www.sarahmo.be\/fr\/landelijkemeubelen\/sejour\/gemma-fr\/vitrine-en-teck-avec-2-portes-vitrees-2-portes-en-bois-et-2-tiroirs\/","title":{"rendered":"Vitrine en teck avec 2 portes vitr\u00e9es, 2 portes en bois et 2 tiroirs"},"content":{"rendered":"<p>Cette vitrine \u00e9l\u00e9gante en teck patin\u00e9 \u00ab\u00a0Blanc vieilli\u00a0\u00bb est dot\u00e9e de deux portes vitr\u00e9es pour exposer vos objets et de deux portes en bois pour un rangement discret. Les deux tiroirs offrent un espace suppl\u00e9mentaire, parfait pour compl\u00e9ter une d\u00e9coration rustique et fonctionnelle.<\/p>\n","protected":false},"excerpt":{"rendered":"<p>Cette vitrine \u00e9l\u00e9gante en teck patin\u00e9 \u00ab\u00a0Blanc vieilli\u00a0\u00bb est dot\u00e9e de deux portes vitr\u00e9es pour exposer vos objets et de<\/p>\n","protected":false},"featured_media":14964,"template":"","meta":[],"product_brand":[],"product_cat":[2557],"product_tag":[],"class_list":{"0":"post-16687","1":"product","2":"type-product","3":"status-publish","4":"has-post-thumbnail","6":"product_cat-gemma-fr","7":"pa_breedte-130-cm-fr","8":"pa_diepte-45-cm-fr","9":"pa_hoogte-220-cm-fr","11":"first","12":"instock","13":"purchasable","14":"product-type-simple"},"yoast_head":"<!-- This site is optimized with the Yoast SEO plugin v27.4 - https:\/\/yoast.com\/product\/yoast-seo-wordpress\/ -->\n<title>Sarah Mo - Vitrine en teck avec 2 portes vitr\u00e9es, 2 portes en bois et 2 tiroirs - Gemma<\/title>\n<meta name=\"description\" content=\"Vitrine campagnarde avec finition en &quot;blanc vieilli&quot;. D\u00e9couvrez cette collection Gemma dans notre magasin de d\u00e9coration campagnarde \u00e0 Hasselt et Aartselaar.\" \/>\n<meta name=\"robots\" content=\"index, follow, max-snippet:-1, max-image-preview:large, max-video-preview:-1\" \/>\n<link rel=\"canonical\" href=\"https:\/\/www.sarahmo.be\/fr\/landelijkemeubelen\/sejour\/gemma-fr\/vitrine-en-teck-avec-2-portes-vitrees-2-portes-en-bois-et-2-tiroirs\/\" \/>\n<meta property=\"og:locale\" content=\"fr_FR\" \/>\n<meta property=\"og:type\" content=\"article\" \/>\n<meta property=\"og:title\" content=\"Sarah Mo - Vitrine en teck avec 2 portes vitr\u00e9es, 2 portes en bois et 2 tiroirs - Gemma\" \/>\n<meta property=\"og:description\" content=\"Vitrine campagnarde avec finition en &quot;blanc vieilli&quot;. D\u00e9couvrez cette collection Gemma dans notre magasin de d\u00e9coration campagnarde \u00e0 Hasselt et Aartselaar.\" \/>\n<meta property=\"og:url\" content=\"https:\/\/www.sarahmo.be\/fr\/landelijkemeubelen\/sejour\/gemma-fr\/vitrine-en-teck-avec-2-portes-vitrees-2-portes-en-bois-et-2-tiroirs\/\" \/>\n<meta property=\"og:site_name\" content=\"Sarah Mo\" \/>\n<meta property=\"article:publisher\" content=\"https:\/\/www.facebook.com\/SarahMofurniturestore\/\" \/>\n<meta property=\"article:modified_time\" content=\"2024-10-16T09:12:59+00:00\" \/>\n<meta property=\"og:image\" content=\"https:\/\/www.sarahmo.be\/site\/wp-content\/uploads\/GM102.jpg\" \/>\n\t<meta property=\"og:image:width\" content=\"667\" \/>\n\t<meta property=\"og:image:height\" content=\"1000\" \/>\n\t<meta property=\"og:image:type\" content=\"image\/jpeg\" \/>\n<meta name=\"twitter:card\" content=\"summary_large_image\" \/>\n<meta name=\"twitter:label1\" content=\"Dur\u00e9e de lecture estim\u00e9e\" \/>\n\t<meta name=\"twitter:data1\" content=\"1 minute\" \/>\n<script type=\"application\/ld+json\" class=\"yoast-schema-graph\">{\"@context\":\"https:\\\/\\\/schema.org\",\"@graph\":[{\"@type\":\"WebPage\",\"@id\":\"https:\\\/\\\/www.sarahmo.be\\\/fr\\\/landelijkemeubelen\\\/sejour\\\/gemma-fr\\\/vitrine-en-teck-avec-2-portes-vitrees-2-portes-en-bois-et-2-tiroirs\\\/\",\"url\":\"https:\\\/\\\/www.sarahmo.be\\\/fr\\\/landelijkemeubelen\\\/sejour\\\/gemma-fr\\\/vitrine-en-teck-avec-2-portes-vitrees-2-portes-en-bois-et-2-tiroirs\\\/\",\"name\":\"Sarah Mo - Vitrine en teck avec 2 portes vitr\u00e9es, 2 portes en bois et 2 tiroirs - Gemma\",\"isPartOf\":{\"@id\":\"https:\\\/\\\/www.sarahmo.be\\\/fr\\\/#website\"},\"primaryImageOfPage\":{\"@id\":\"https:\\\/\\\/www.sarahmo.be\\\/fr\\\/landelijkemeubelen\\\/sejour\\\/gemma-fr\\\/vitrine-en-teck-avec-2-portes-vitrees-2-portes-en-bois-et-2-tiroirs\\\/#primaryimage\"},\"image\":{\"@id\":\"https:\\\/\\\/www.sarahmo.be\\\/fr\\\/landelijkemeubelen\\\/sejour\\\/gemma-fr\\\/vitrine-en-teck-avec-2-portes-vitrees-2-portes-en-bois-et-2-tiroirs\\\/#primaryimage\"},\"thumbnailUrl\":\"https:\\\/\\\/www.sarahmo.be\\\/site\\\/wp-content\\\/uploads\\\/GM102.jpg\",\"datePublished\":\"2020-04-01T09:22:20+00:00\",\"dateModified\":\"2024-10-16T09:12:59+00:00\",\"description\":\"Vitrine campagnarde avec finition en \\\"blanc vieilli\\\". D\u00e9couvrez cette collection Gemma dans notre magasin de d\u00e9coration campagnarde \u00e0 Hasselt et Aartselaar.\",\"breadcrumb\":{\"@id\":\"https:\\\/\\\/www.sarahmo.be\\\/fr\\\/landelijkemeubelen\\\/sejour\\\/gemma-fr\\\/vitrine-en-teck-avec-2-portes-vitrees-2-portes-en-bois-et-2-tiroirs\\\/#breadcrumb\"},\"inLanguage\":\"fr-FR\",\"potentialAction\":[{\"@type\":\"ReadAction\",\"target\":[\"https:\\\/\\\/www.sarahmo.be\\\/fr\\\/landelijkemeubelen\\\/sejour\\\/gemma-fr\\\/vitrine-en-teck-avec-2-portes-vitrees-2-portes-en-bois-et-2-tiroirs\\\/\"]}]},{\"@type\":\"ImageObject\",\"inLanguage\":\"fr-FR\",\"@id\":\"https:\\\/\\\/www.sarahmo.be\\\/fr\\\/landelijkemeubelen\\\/sejour\\\/gemma-fr\\\/vitrine-en-teck-avec-2-portes-vitrees-2-portes-en-bois-et-2-tiroirs\\\/#primaryimage\",\"url\":\"https:\\\/\\\/www.sarahmo.be\\\/site\\\/wp-content\\\/uploads\\\/GM102.jpg\",\"contentUrl\":\"https:\\\/\\\/www.sarahmo.be\\\/site\\\/wp-content\\\/uploads\\\/GM102.jpg\",\"width\":667,\"height\":1000,\"caption\":\"Vitrinekast met 2 glazen deuren, 2 houten deuren, 2 lades en tablet in teak - Vitrine - Landelijke meubels en verlichting - Sarah Mo\"},{\"@type\":\"BreadcrumbList\",\"@id\":\"https:\\\/\\\/www.sarahmo.be\\\/fr\\\/landelijkemeubelen\\\/sejour\\\/gemma-fr\\\/vitrine-en-teck-avec-2-portes-vitrees-2-portes-en-bois-et-2-tiroirs\\\/#breadcrumb\",\"itemListElement\":[{\"@type\":\"ListItem\",\"position\":1,\"name\":\"Accueil\",\"item\":\"https:\\\/\\\/www.sarahmo.be\\\/fr\\\/\"},{\"@type\":\"ListItem\",\"position\":2,\"name\":\"Collection\",\"item\":\"https:\\\/\\\/www.sarahmo.be\\\/fr\\\/collection\\\/\"},{\"@type\":\"ListItem\",\"position\":3,\"name\":\"Vitrine en teck avec 2 portes vitr\u00e9es, 2 portes en bois et 2 tiroirs\"}]},{\"@type\":\"WebSite\",\"@id\":\"https:\\\/\\\/www.sarahmo.be\\\/fr\\\/#website\",\"url\":\"https:\\\/\\\/www.sarahmo.be\\\/fr\\\/\",\"name\":\"Sarah Mo\",\"description\":\"Sp\u00e9cialiste du style campagne intemporel\",\"publisher\":{\"@id\":\"https:\\\/\\\/www.sarahmo.be\\\/fr\\\/#organization\"},\"potentialAction\":[{\"@type\":\"SearchAction\",\"target\":{\"@type\":\"EntryPoint\",\"urlTemplate\":\"https:\\\/\\\/www.sarahmo.be\\\/fr\\\/?s={search_term_string}\"},\"query-input\":{\"@type\":\"PropertyValueSpecification\",\"valueRequired\":true,\"valueName\":\"search_term_string\"}}],\"inLanguage\":\"fr-FR\"},{\"@type\":\"Organization\",\"@id\":\"https:\\\/\\\/www.sarahmo.be\\\/fr\\\/#organization\",\"name\":\"Sarah Mo Landelijke meubelen en verlichting\",\"url\":\"https:\\\/\\\/www.sarahmo.be\\\/fr\\\/\",\"logo\":{\"@type\":\"ImageObject\",\"inLanguage\":\"fr-FR\",\"@id\":\"https:\\\/\\\/www.sarahmo.be\\\/fr\\\/#\\\/schema\\\/logo\\\/image\\\/\",\"url\":\"https:\\\/\\\/www.sarahmo.be\\\/site\\\/wp-content\\\/uploads\\\/logo-dark.png\",\"contentUrl\":\"https:\\\/\\\/www.sarahmo.be\\\/site\\\/wp-content\\\/uploads\\\/logo-dark.png\",\"width\":1025,\"height\":120,\"caption\":\"Sarah Mo Landelijke meubelen en verlichting\"},\"image\":{\"@id\":\"https:\\\/\\\/www.sarahmo.be\\\/fr\\\/#\\\/schema\\\/logo\\\/image\\\/\"},\"sameAs\":[\"https:\\\/\\\/www.facebook.com\\\/SarahMofurniturestore\\\/\"]}]}<\/script>\n<!-- \/ Yoast SEO plugin. -->","yoast_head_json":{"title":"Sarah Mo - Vitrine en teck avec 2 portes vitr\u00e9es, 2 portes en bois et 2 tiroirs - Gemma","description":"Vitrine campagnarde avec finition en \"blanc vieilli\". D\u00e9couvrez cette collection Gemma dans notre magasin de d\u00e9coration campagnarde \u00e0 Hasselt et Aartselaar.","robots":{"index":"index","follow":"follow","max-snippet":"max-snippet:-1","max-image-preview":"max-image-preview:large","max-video-preview":"max-video-preview:-1"},"canonical":"https:\/\/www.sarahmo.be\/fr\/landelijkemeubelen\/sejour\/gemma-fr\/vitrine-en-teck-avec-2-portes-vitrees-2-portes-en-bois-et-2-tiroirs\/","og_locale":"fr_FR","og_type":"article","og_title":"Sarah Mo - Vitrine en teck avec 2 portes vitr\u00e9es, 2 portes en bois et 2 tiroirs - Gemma","og_description":"Vitrine campagnarde avec finition en \"blanc vieilli\". D\u00e9couvrez cette collection Gemma dans notre magasin de d\u00e9coration campagnarde \u00e0 Hasselt et Aartselaar.","og_url":"https:\/\/www.sarahmo.be\/fr\/landelijkemeubelen\/sejour\/gemma-fr\/vitrine-en-teck-avec-2-portes-vitrees-2-portes-en-bois-et-2-tiroirs\/","og_site_name":"Sarah Mo","article_publisher":"https:\/\/www.facebook.com\/SarahMofurniturestore\/","article_modified_time":"2024-10-16T09:12:59+00:00","og_image":[{"width":667,"height":1000,"url":"https:\/\/www.sarahmo.be\/site\/wp-content\/uploads\/GM102.jpg","type":"image\/jpeg"}],"twitter_card":"summary_large_image","twitter_misc":{"Dur\u00e9e de lecture estim\u00e9e":"1 minute"},"schema":{"@context":"https:\/\/schema.org","@graph":[{"@type":"WebPage","@id":"https:\/\/www.sarahmo.be\/fr\/landelijkemeubelen\/sejour\/gemma-fr\/vitrine-en-teck-avec-2-portes-vitrees-2-portes-en-bois-et-2-tiroirs\/","url":"https:\/\/www.sarahmo.be\/fr\/landelijkemeubelen\/sejour\/gemma-fr\/vitrine-en-teck-avec-2-portes-vitrees-2-portes-en-bois-et-2-tiroirs\/","name":"Sarah Mo - Vitrine en teck avec 2 portes vitr\u00e9es, 2 portes en bois et 2 tiroirs - Gemma","isPartOf":{"@id":"https:\/\/www.sarahmo.be\/fr\/#website"},"primaryImageOfPage":{"@id":"https:\/\/www.sarahmo.be\/fr\/landelijkemeubelen\/sejour\/gemma-fr\/vitrine-en-teck-avec-2-portes-vitrees-2-portes-en-bois-et-2-tiroirs\/#primaryimage"},"image":{"@id":"https:\/\/www.sarahmo.be\/fr\/landelijkemeubelen\/sejour\/gemma-fr\/vitrine-en-teck-avec-2-portes-vitrees-2-portes-en-bois-et-2-tiroirs\/#primaryimage"},"thumbnailUrl":"https:\/\/www.sarahmo.be\/site\/wp-content\/uploads\/GM102.jpg","datePublished":"2020-04-01T09:22:20+00:00","dateModified":"2024-10-16T09:12:59+00:00","description":"Vitrine campagnarde avec finition en \"blanc vieilli\". D\u00e9couvrez cette collection Gemma dans notre magasin de d\u00e9coration campagnarde \u00e0 Hasselt et Aartselaar.","breadcrumb":{"@id":"https:\/\/www.sarahmo.be\/fr\/landelijkemeubelen\/sejour\/gemma-fr\/vitrine-en-teck-avec-2-portes-vitrees-2-portes-en-bois-et-2-tiroirs\/#breadcrumb"},"inLanguage":"fr-FR","potentialAction":[{"@type":"ReadAction","target":["https:\/\/www.sarahmo.be\/fr\/landelijkemeubelen\/sejour\/gemma-fr\/vitrine-en-teck-avec-2-portes-vitrees-2-portes-en-bois-et-2-tiroirs\/"]}]},{"@type":"ImageObject","inLanguage":"fr-FR","@id":"https:\/\/www.sarahmo.be\/fr\/landelijkemeubelen\/sejour\/gemma-fr\/vitrine-en-teck-avec-2-portes-vitrees-2-portes-en-bois-et-2-tiroirs\/#primaryimage","url":"https:\/\/www.sarahmo.be\/site\/wp-content\/uploads\/GM102.jpg","contentUrl":"https:\/\/www.sarahmo.be\/site\/wp-content\/uploads\/GM102.jpg","width":667,"height":1000,"caption":"Vitrinekast met 2 glazen deuren, 2 houten deuren, 2 lades en tablet in teak - Vitrine - Landelijke meubels en verlichting - Sarah Mo"},{"@type":"BreadcrumbList","@id":"https:\/\/www.sarahmo.be\/fr\/landelijkemeubelen\/sejour\/gemma-fr\/vitrine-en-teck-avec-2-portes-vitrees-2-portes-en-bois-et-2-tiroirs\/#breadcrumb","itemListElement":[{"@type":"ListItem","position":1,"name":"Accueil","item":"https:\/\/www.sarahmo.be\/fr\/"},{"@type":"ListItem","position":2,"name":"Collection","item":"https:\/\/www.sarahmo.be\/fr\/collection\/"},{"@type":"ListItem","position":3,"name":"Vitrine en teck avec 2 portes vitr\u00e9es, 2 portes en bois et 2 tiroirs"}]},{"@type":"WebSite","@id":"https:\/\/www.sarahmo.be\/fr\/#website","url":"https:\/\/www.sarahmo.be\/fr\/","name":"Sarah Mo","description":"Sp\u00e9cialiste du style campagne intemporel","publisher":{"@id":"https:\/\/www.sarahmo.be\/fr\/#organization"},"potentialAction":[{"@type":"SearchAction","target":{"@type":"EntryPoint","urlTemplate":"https:\/\/www.sarahmo.be\/fr\/?s={search_term_string}"},"query-input":{"@type":"PropertyValueSpecification","valueRequired":true,"valueName":"search_term_string"}}],"inLanguage":"fr-FR"},{"@type":"Organization","@id":"https:\/\/www.sarahmo.be\/fr\/#organization","name":"Sarah Mo Landelijke meubelen en verlichting","url":"https:\/\/www.sarahmo.be\/fr\/","logo":{"@type":"ImageObject","inLanguage":"fr-FR","@id":"https:\/\/www.sarahmo.be\/fr\/#\/schema\/logo\/image\/","url":"https:\/\/www.sarahmo.be\/site\/wp-content\/uploads\/logo-dark.png","contentUrl":"https:\/\/www.sarahmo.be\/site\/wp-content\/uploads\/logo-dark.png","width":1025,"height":120,"caption":"Sarah Mo Landelijke meubelen en verlichting"},"image":{"@id":"https:\/\/www.sarahmo.be\/fr\/#\/schema\/logo\/image\/"},"sameAs":["https:\/\/www.facebook.com\/SarahMofurniturestore\/"]}]}},"_links":{"self":[{"href":"https:\/\/www.sarahmo.be\/fr\/wp-json\/wp\/v2\/product\/16687","targetHints":{"allow":["GET"]}}],"collection":[{"href":"https:\/\/www.sarahmo.be\/fr\/wp-json\/wp\/v2\/product"}],"about":[{"href":"https:\/\/www.sarahmo.be\/fr\/wp-json\/wp\/v2\/types\/product"}],"wp:featuredmedia":[{"embeddable":true,"href":"https:\/\/www.sarahmo.be\/fr\/wp-json\/wp\/v2\/media\/14964"}],"wp:attachment":[{"href":"https:\/\/www.sarahmo.be\/fr\/wp-json\/wp\/v2\/media?parent=16687"}],"wp:term":[{"taxonomy":"product_brand","embeddable":true,"href":"https:\/\/www.sarahmo.be\/fr\/wp-json\/wp\/v2\/product_brand?post=16687"},{"taxonomy":"product_cat","embeddable":true,"href":"https:\/\/www.sarahmo.be\/fr\/wp-json\/wp\/v2\/product_cat?post=16687"},{"taxonomy":"product_tag","embeddable":true,"href":"https:\/\/www.sarahmo.be\/fr\/wp-json\/wp\/v2\/product_tag?post=16687"}],"curies":[{"name":"wp","href":"https:\/\/api.w.org\/{rel}","templated":true}]}}