{"id":16690,"date":"2020-04-01T11:22:20","date_gmt":"2020-04-01T09:22:20","guid":{"rendered":"https:\/\/www.sarahmo.be\/site\/landelijkemeubelen\/non%20class\u00e9\/gm106\/"},"modified":"2024-10-16T11:05:02","modified_gmt":"2024-10-16T09:05:02","slug":"vitrine-teck-2-portes-vitrees-4-portes-bois-5-tiroirs","status":"publish","type":"product","link":"https:\/\/www.sarahmo.be\/fr\/landelijkemeubelen\/sejour\/gemma-fr\/vitrine-teck-2-portes-vitrees-4-portes-bois-5-tiroirs\/","title":{"rendered":"Vitrine en teck avec 2 portes vitr\u00e9es, 4 portes en bois et 5 tiroirs"},"content":{"rendered":"<p>Cette vitrine \u00e9l\u00e9gante en teck patin\u00e9 \u00ab\u00a0Blanc vieilli\u00a0\u00bb combine fonctionnalit\u00e9 et style. Dot\u00e9e de deux portes vitr\u00e9es, quatre portes en bois et cinq tiroirs, elle offre un vaste espace de rangement tout en mettant en valeur vos objets de d\u00e9coration.<\/p>\n","protected":false},"excerpt":{"rendered":"<p>Cette vitrine \u00e9l\u00e9gante en teck patin\u00e9 \u00ab\u00a0Blanc vieilli\u00a0\u00bb combine fonctionnalit\u00e9 et style. Dot\u00e9e de deux portes vitr\u00e9es, quatre portes en<\/p>\n","protected":false},"featured_media":14970,"template":"","meta":[],"product_brand":[],"product_cat":[2557],"product_tag":[],"class_list":{"0":"post-16690","1":"product","2":"type-product","3":"status-publish","4":"has-post-thumbnail","6":"product_cat-gemma-fr","7":"pa_breedte-236-cm-fr","8":"pa_diepte-52-cm-fr","9":"pa_hoogte-234-cm-fr","11":"first","12":"instock","13":"purchasable","14":"product-type-simple"},"yoast_head":"<!-- This site is optimized with the Yoast SEO plugin v27.5 - https:\/\/yoast.com\/product\/yoast-seo-wordpress\/ -->\n<title>Sarah Mo - Vitrine en teck avec 2 portes vitr\u00e9es, 4 portes en bois et 5 tiroirs - Gemma<\/title>\n<meta name=\"description\" content=\"Cette vitrine \u00e9l\u00e9gante en teck patin\u00e9 &quot;Blanc vieilli&quot; combine fonctionnalit\u00e9 et style. Dot\u00e9e de deux portes vitr\u00e9es, quatre portes en bois et cinq\" \/>\n<meta name=\"robots\" content=\"index, follow, max-snippet:-1, max-image-preview:large, max-video-preview:-1\" \/>\n<link rel=\"canonical\" href=\"https:\/\/www.sarahmo.be\/fr\/landelijkemeubelen\/sejour\/gemma-fr\/vitrine-teck-2-portes-vitrees-4-portes-bois-5-tiroirs\/\" \/>\n<meta property=\"og:locale\" content=\"fr_FR\" \/>\n<meta property=\"og:type\" content=\"article\" \/>\n<meta property=\"og:title\" content=\"Sarah Mo - Vitrine en teck avec 2 portes vitr\u00e9es, 4 portes en bois et 5 tiroirs - Gemma\" \/>\n<meta property=\"og:description\" content=\"Cette vitrine \u00e9l\u00e9gante en teck patin\u00e9 &quot;Blanc vieilli&quot; combine fonctionnalit\u00e9 et style. Dot\u00e9e de deux portes vitr\u00e9es, quatre portes en bois et cinq\" \/>\n<meta property=\"og:url\" content=\"https:\/\/www.sarahmo.be\/fr\/landelijkemeubelen\/sejour\/gemma-fr\/vitrine-teck-2-portes-vitrees-4-portes-bois-5-tiroirs\/\" \/>\n<meta property=\"og:site_name\" content=\"Sarah Mo\" \/>\n<meta property=\"article:publisher\" content=\"https:\/\/www.facebook.com\/SarahMofurniturestore\/\" \/>\n<meta property=\"article:modified_time\" content=\"2024-10-16T09:05:02+00:00\" \/>\n<meta property=\"og:image\" content=\"https:\/\/www.sarahmo.be\/site\/wp-content\/uploads\/GM106.jpg\" \/>\n\t<meta property=\"og:image:width\" content=\"1000\" \/>\n\t<meta property=\"og:image:height\" content=\"667\" \/>\n\t<meta property=\"og:image:type\" content=\"image\/jpeg\" \/>\n<meta name=\"twitter:card\" content=\"summary_large_image\" \/>\n<meta name=\"twitter:label1\" content=\"Dur\u00e9e de lecture estim\u00e9e\" \/>\n\t<meta name=\"twitter:data1\" content=\"1 minute\" \/>\n<script type=\"application\/ld+json\" class=\"yoast-schema-graph\">{\"@context\":\"https:\\\/\\\/schema.org\",\"@graph\":[{\"@type\":\"WebPage\",\"@id\":\"https:\\\/\\\/www.sarahmo.be\\\/fr\\\/landelijkemeubelen\\\/sejour\\\/gemma-fr\\\/vitrine-teck-2-portes-vitrees-4-portes-bois-5-tiroirs\\\/\",\"url\":\"https:\\\/\\\/www.sarahmo.be\\\/fr\\\/landelijkemeubelen\\\/sejour\\\/gemma-fr\\\/vitrine-teck-2-portes-vitrees-4-portes-bois-5-tiroirs\\\/\",\"name\":\"Sarah Mo - Vitrine en teck avec 2 portes vitr\u00e9es, 4 portes en bois et 5 tiroirs - Gemma\",\"isPartOf\":{\"@id\":\"https:\\\/\\\/www.sarahmo.be\\\/fr\\\/#website\"},\"primaryImageOfPage\":{\"@id\":\"https:\\\/\\\/www.sarahmo.be\\\/fr\\\/landelijkemeubelen\\\/sejour\\\/gemma-fr\\\/vitrine-teck-2-portes-vitrees-4-portes-bois-5-tiroirs\\\/#primaryimage\"},\"image\":{\"@id\":\"https:\\\/\\\/www.sarahmo.be\\\/fr\\\/landelijkemeubelen\\\/sejour\\\/gemma-fr\\\/vitrine-teck-2-portes-vitrees-4-portes-bois-5-tiroirs\\\/#primaryimage\"},\"thumbnailUrl\":\"https:\\\/\\\/www.sarahmo.be\\\/site\\\/wp-content\\\/uploads\\\/GM106.jpg\",\"datePublished\":\"2020-04-01T09:22:20+00:00\",\"dateModified\":\"2024-10-16T09:05:02+00:00\",\"description\":\"Cette vitrine \u00e9l\u00e9gante en teck patin\u00e9 \\\"Blanc vieilli\\\" combine fonctionnalit\u00e9 et style. Dot\u00e9e de deux portes vitr\u00e9es, quatre portes en bois et cinq\",\"breadcrumb\":{\"@id\":\"https:\\\/\\\/www.sarahmo.be\\\/fr\\\/landelijkemeubelen\\\/sejour\\\/gemma-fr\\\/vitrine-teck-2-portes-vitrees-4-portes-bois-5-tiroirs\\\/#breadcrumb\"},\"inLanguage\":\"fr-FR\",\"potentialAction\":[{\"@type\":\"ReadAction\",\"target\":[\"https:\\\/\\\/www.sarahmo.be\\\/fr\\\/landelijkemeubelen\\\/sejour\\\/gemma-fr\\\/vitrine-teck-2-portes-vitrees-4-portes-bois-5-tiroirs\\\/\"]}]},{\"@type\":\"ImageObject\",\"inLanguage\":\"fr-FR\",\"@id\":\"https:\\\/\\\/www.sarahmo.be\\\/fr\\\/landelijkemeubelen\\\/sejour\\\/gemma-fr\\\/vitrine-teck-2-portes-vitrees-4-portes-bois-5-tiroirs\\\/#primaryimage\",\"url\":\"https:\\\/\\\/www.sarahmo.be\\\/site\\\/wp-content\\\/uploads\\\/GM106.jpg\",\"contentUrl\":\"https:\\\/\\\/www.sarahmo.be\\\/site\\\/wp-content\\\/uploads\\\/GM106.jpg\",\"width\":1000,\"height\":667,\"caption\":\"Vitrinekast met 2 glazen deuren, 4 houten deuren, 5 lades en tablet in teak - Dressoir - Landelijke meubels en verlichting - Sarah Mo\"},{\"@type\":\"BreadcrumbList\",\"@id\":\"https:\\\/\\\/www.sarahmo.be\\\/fr\\\/landelijkemeubelen\\\/sejour\\\/gemma-fr\\\/vitrine-teck-2-portes-vitrees-4-portes-bois-5-tiroirs\\\/#breadcrumb\",\"itemListElement\":[{\"@type\":\"ListItem\",\"position\":1,\"name\":\"Accueil\",\"item\":\"https:\\\/\\\/www.sarahmo.be\\\/fr\\\/\"},{\"@type\":\"ListItem\",\"position\":2,\"name\":\"Collection\",\"item\":\"https:\\\/\\\/www.sarahmo.be\\\/fr\\\/collection\\\/\"},{\"@type\":\"ListItem\",\"position\":3,\"name\":\"Vitrine en teck avec 2 portes vitr\u00e9es, 4 portes en bois et 5 tiroirs\"}]},{\"@type\":\"WebSite\",\"@id\":\"https:\\\/\\\/www.sarahmo.be\\\/fr\\\/#website\",\"url\":\"https:\\\/\\\/www.sarahmo.be\\\/fr\\\/\",\"name\":\"Sarah Mo\",\"description\":\"Sp\u00e9cialiste du style campagne intemporel\",\"publisher\":{\"@id\":\"https:\\\/\\\/www.sarahmo.be\\\/fr\\\/#organization\"},\"potentialAction\":[{\"@type\":\"SearchAction\",\"target\":{\"@type\":\"EntryPoint\",\"urlTemplate\":\"https:\\\/\\\/www.sarahmo.be\\\/fr\\\/?s={search_term_string}\"},\"query-input\":{\"@type\":\"PropertyValueSpecification\",\"valueRequired\":true,\"valueName\":\"search_term_string\"}}],\"inLanguage\":\"fr-FR\"},{\"@type\":\"Organization\",\"@id\":\"https:\\\/\\\/www.sarahmo.be\\\/fr\\\/#organization\",\"name\":\"Sarah Mo Landelijke meubelen en verlichting\",\"url\":\"https:\\\/\\\/www.sarahmo.be\\\/fr\\\/\",\"logo\":{\"@type\":\"ImageObject\",\"inLanguage\":\"fr-FR\",\"@id\":\"https:\\\/\\\/www.sarahmo.be\\\/fr\\\/#\\\/schema\\\/logo\\\/image\\\/\",\"url\":\"https:\\\/\\\/www.sarahmo.be\\\/site\\\/wp-content\\\/uploads\\\/logo-dark.png\",\"contentUrl\":\"https:\\\/\\\/www.sarahmo.be\\\/site\\\/wp-content\\\/uploads\\\/logo-dark.png\",\"width\":1025,\"height\":120,\"caption\":\"Sarah Mo Landelijke meubelen en verlichting\"},\"image\":{\"@id\":\"https:\\\/\\\/www.sarahmo.be\\\/fr\\\/#\\\/schema\\\/logo\\\/image\\\/\"},\"sameAs\":[\"https:\\\/\\\/www.facebook.com\\\/SarahMofurniturestore\\\/\"]}]}<\/script>\n<!-- \/ Yoast SEO plugin. -->","yoast_head_json":{"title":"Sarah Mo - Vitrine en teck avec 2 portes vitr\u00e9es, 4 portes en bois et 5 tiroirs - Gemma","description":"Cette vitrine \u00e9l\u00e9gante en teck patin\u00e9 \"Blanc vieilli\" combine fonctionnalit\u00e9 et style. Dot\u00e9e de deux portes vitr\u00e9es, quatre portes en bois et cinq","robots":{"index":"index","follow":"follow","max-snippet":"max-snippet:-1","max-image-preview":"max-image-preview:large","max-video-preview":"max-video-preview:-1"},"canonical":"https:\/\/www.sarahmo.be\/fr\/landelijkemeubelen\/sejour\/gemma-fr\/vitrine-teck-2-portes-vitrees-4-portes-bois-5-tiroirs\/","og_locale":"fr_FR","og_type":"article","og_title":"Sarah Mo - Vitrine en teck avec 2 portes vitr\u00e9es, 4 portes en bois et 5 tiroirs - Gemma","og_description":"Cette vitrine \u00e9l\u00e9gante en teck patin\u00e9 \"Blanc vieilli\" combine fonctionnalit\u00e9 et style. Dot\u00e9e de deux portes vitr\u00e9es, quatre portes en bois et cinq","og_url":"https:\/\/www.sarahmo.be\/fr\/landelijkemeubelen\/sejour\/gemma-fr\/vitrine-teck-2-portes-vitrees-4-portes-bois-5-tiroirs\/","og_site_name":"Sarah Mo","article_publisher":"https:\/\/www.facebook.com\/SarahMofurniturestore\/","article_modified_time":"2024-10-16T09:05:02+00:00","og_image":[{"width":1000,"height":667,"url":"https:\/\/www.sarahmo.be\/site\/wp-content\/uploads\/GM106.jpg","type":"image\/jpeg"}],"twitter_card":"summary_large_image","twitter_misc":{"Dur\u00e9e de lecture estim\u00e9e":"1 minute"},"schema":{"@context":"https:\/\/schema.org","@graph":[{"@type":"WebPage","@id":"https:\/\/www.sarahmo.be\/fr\/landelijkemeubelen\/sejour\/gemma-fr\/vitrine-teck-2-portes-vitrees-4-portes-bois-5-tiroirs\/","url":"https:\/\/www.sarahmo.be\/fr\/landelijkemeubelen\/sejour\/gemma-fr\/vitrine-teck-2-portes-vitrees-4-portes-bois-5-tiroirs\/","name":"Sarah Mo - Vitrine en teck avec 2 portes vitr\u00e9es, 4 portes en bois et 5 tiroirs - Gemma","isPartOf":{"@id":"https:\/\/www.sarahmo.be\/fr\/#website"},"primaryImageOfPage":{"@id":"https:\/\/www.sarahmo.be\/fr\/landelijkemeubelen\/sejour\/gemma-fr\/vitrine-teck-2-portes-vitrees-4-portes-bois-5-tiroirs\/#primaryimage"},"image":{"@id":"https:\/\/www.sarahmo.be\/fr\/landelijkemeubelen\/sejour\/gemma-fr\/vitrine-teck-2-portes-vitrees-4-portes-bois-5-tiroirs\/#primaryimage"},"thumbnailUrl":"https:\/\/www.sarahmo.be\/site\/wp-content\/uploads\/GM106.jpg","datePublished":"2020-04-01T09:22:20+00:00","dateModified":"2024-10-16T09:05:02+00:00","description":"Cette vitrine \u00e9l\u00e9gante en teck patin\u00e9 \"Blanc vieilli\" combine fonctionnalit\u00e9 et style. Dot\u00e9e de deux portes vitr\u00e9es, quatre portes en bois et cinq","breadcrumb":{"@id":"https:\/\/www.sarahmo.be\/fr\/landelijkemeubelen\/sejour\/gemma-fr\/vitrine-teck-2-portes-vitrees-4-portes-bois-5-tiroirs\/#breadcrumb"},"inLanguage":"fr-FR","potentialAction":[{"@type":"ReadAction","target":["https:\/\/www.sarahmo.be\/fr\/landelijkemeubelen\/sejour\/gemma-fr\/vitrine-teck-2-portes-vitrees-4-portes-bois-5-tiroirs\/"]}]},{"@type":"ImageObject","inLanguage":"fr-FR","@id":"https:\/\/www.sarahmo.be\/fr\/landelijkemeubelen\/sejour\/gemma-fr\/vitrine-teck-2-portes-vitrees-4-portes-bois-5-tiroirs\/#primaryimage","url":"https:\/\/www.sarahmo.be\/site\/wp-content\/uploads\/GM106.jpg","contentUrl":"https:\/\/www.sarahmo.be\/site\/wp-content\/uploads\/GM106.jpg","width":1000,"height":667,"caption":"Vitrinekast met 2 glazen deuren, 4 houten deuren, 5 lades en tablet in teak - Dressoir - Landelijke meubels en verlichting - Sarah Mo"},{"@type":"BreadcrumbList","@id":"https:\/\/www.sarahmo.be\/fr\/landelijkemeubelen\/sejour\/gemma-fr\/vitrine-teck-2-portes-vitrees-4-portes-bois-5-tiroirs\/#breadcrumb","itemListElement":[{"@type":"ListItem","position":1,"name":"Accueil","item":"https:\/\/www.sarahmo.be\/fr\/"},{"@type":"ListItem","position":2,"name":"Collection","item":"https:\/\/www.sarahmo.be\/fr\/collection\/"},{"@type":"ListItem","position":3,"name":"Vitrine en teck avec 2 portes vitr\u00e9es, 4 portes en bois et 5 tiroirs"}]},{"@type":"WebSite","@id":"https:\/\/www.sarahmo.be\/fr\/#website","url":"https:\/\/www.sarahmo.be\/fr\/","name":"Sarah Mo","description":"Sp\u00e9cialiste du style campagne intemporel","publisher":{"@id":"https:\/\/www.sarahmo.be\/fr\/#organization"},"potentialAction":[{"@type":"SearchAction","target":{"@type":"EntryPoint","urlTemplate":"https:\/\/www.sarahmo.be\/fr\/?s={search_term_string}"},"query-input":{"@type":"PropertyValueSpecification","valueRequired":true,"valueName":"search_term_string"}}],"inLanguage":"fr-FR"},{"@type":"Organization","@id":"https:\/\/www.sarahmo.be\/fr\/#organization","name":"Sarah Mo Landelijke meubelen en verlichting","url":"https:\/\/www.sarahmo.be\/fr\/","logo":{"@type":"ImageObject","inLanguage":"fr-FR","@id":"https:\/\/www.sarahmo.be\/fr\/#\/schema\/logo\/image\/","url":"https:\/\/www.sarahmo.be\/site\/wp-content\/uploads\/logo-dark.png","contentUrl":"https:\/\/www.sarahmo.be\/site\/wp-content\/uploads\/logo-dark.png","width":1025,"height":120,"caption":"Sarah Mo Landelijke meubelen en verlichting"},"image":{"@id":"https:\/\/www.sarahmo.be\/fr\/#\/schema\/logo\/image\/"},"sameAs":["https:\/\/www.facebook.com\/SarahMofurniturestore\/"]}]}},"_links":{"self":[{"href":"https:\/\/www.sarahmo.be\/fr\/wp-json\/wp\/v2\/product\/16690","targetHints":{"allow":["GET"]}}],"collection":[{"href":"https:\/\/www.sarahmo.be\/fr\/wp-json\/wp\/v2\/product"}],"about":[{"href":"https:\/\/www.sarahmo.be\/fr\/wp-json\/wp\/v2\/types\/product"}],"wp:featuredmedia":[{"embeddable":true,"href":"https:\/\/www.sarahmo.be\/fr\/wp-json\/wp\/v2\/media\/14970"}],"wp:attachment":[{"href":"https:\/\/www.sarahmo.be\/fr\/wp-json\/wp\/v2\/media?parent=16690"}],"wp:term":[{"taxonomy":"product_brand","embeddable":true,"href":"https:\/\/www.sarahmo.be\/fr\/wp-json\/wp\/v2\/product_brand?post=16690"},{"taxonomy":"product_cat","embeddable":true,"href":"https:\/\/www.sarahmo.be\/fr\/wp-json\/wp\/v2\/product_cat?post=16690"},{"taxonomy":"product_tag","embeddable":true,"href":"https:\/\/www.sarahmo.be\/fr\/wp-json\/wp\/v2\/product_tag?post=16690"}],"curies":[{"name":"wp","href":"https:\/\/api.w.org\/{rel}","templated":true}]}}